{"id":73,"date":"2018-07-31T16:21:03","date_gmt":"2018-07-31T16:21:03","guid":{"rendered":"https:\/\/turismo.valadouro.org\/?page_id=73"},"modified":"2025-05-20T12:00:16","modified_gmt":"2025-05-20T12:00:16","slug":"festas","status":"publish","type":"page","link":"https:\/\/turismo.valadouro.gal\/gl\/festas\/","title":{"rendered":"Festas"},"content":{"rendered":"<p>[et_pb_section fb_built=&#8221;1&#8243; admin_label=&#8221;Hero&#8221; _builder_version=&#8221;4.16&#8243; background_color_gradient_direction=&#8221;70deg&#8221; background_image=&#8221;https:\/\/turismo.valadouro.gal\/wp-content\/uploads\/2021\/09\/Foto-portada-festas-1.jpg&#8221; background_video_height=&#8221;1080&#8243; custom_margin=&#8221;||0%|&#8221; custom_padding=&#8221;6vw||0||false|false&#8221; top_divider_style=&#8221;wave2&#8243; top_divider_color=&#8221;rgba(109,100,0,0.56&#8243; top_divider_height=&#8221;140px&#8221; top_divider_arrangement=&#8221;above_content&#8221; bottom_divider_style=&#8221;waves2&#8243; bottom_divider_color=&#8221;rgba(224,153,0,0.83)&#8221; bottom_divider_height=&#8221;14vw&#8221; bottom_divider_repeat=&#8221;0.5x&#8221; bottom_divider_flip=&#8221;horizontal&#8221; box_shadow_style=&#8221;preset3&#8243; global_colors_info=&#8221;{}&#8221;][et_pb_row _builder_version=&#8221;4.16&#8243; custom_margin=&#8221;|||&#8221; custom_padding=&#8221;27px|0px|300px|0px&#8221; global_colors_info=&#8221;{}&#8221;][et_pb_column type=&#8221;4_4&#8243; _builder_version=&#8221;4.16&#8243; custom_padding=&#8221;|||&#8221; global_colors_info=&#8221;{}&#8221; custom_padding__hover=&#8221;|||&#8221;][et_pb_text _builder_version=&#8221;4.16&#8243; header_font=&#8221;Josefin Sans|700|||||||&#8221; header_font_size=&#8221;90px&#8221; header_line_height=&#8221;1.4em&#8221; header_2_font=&#8221;Josefin Sans||||on||||&#8221; header_2_text_color=&#8221;#FFFFFF&#8221; header_2_font_size=&#8221;32px&#8221; header_2_line_height=&#8221;1.4em&#8221; background_layout=&#8221;dark&#8221; animation_style=&#8221;slide&#8221; animation_direction=&#8221;right&#8221; animation_intensity_slide=&#8221;4%&#8221; header_font_size_tablet=&#8221;50px&#8221; header_font_size_phone=&#8221;32px&#8221; header_font_size_last_edited=&#8221;on|desktop&#8221; header_2_font_size_tablet=&#8221;&#8221; header_2_font_size_phone=&#8221;24px&#8221; header_2_font_size_last_edited=&#8221;on|phone&#8221; global_colors_info=&#8221;{}&#8221;]<\/p>\n<h1><\/h1>\n<h2>Festas<\/h2>\n<p>[\/et_pb_text][\/et_pb_column][\/et_pb_row][\/et_pb_section][et_pb_section fb_built=&#8221;1&#8243; _builder_version=&#8221;4.16&#8243; _module_preset=&#8221;default&#8221; global_colors_info=&#8221;{}&#8221;][et_pb_row admin_label=&#8221;Fila&#8221; _builder_version=&#8221;4.16&#8243; global_colors_info=&#8221;{}&#8221;][et_pb_column type=&#8221;4_4&#8243; _builder_version=&#8221;4.16&#8243; custom_padding=&#8221;|||&#8221; global_colors_info=&#8221;{}&#8221; parallax__hover=&#8221;off&#8221; parallax_method__hover=&#8221;on&#8221; custom_padding__hover=&#8221;|||&#8221;][et_pb_text _builder_version=&#8221;4.16&#8243; global_colors_info=&#8221;{}&#8221;]<\/p>\n<h5 style=\"text-align: center;\"><strong>Festas e outros eventos<\/strong><\/h5>\n<p>[\/et_pb_text][\/et_pb_column][\/et_pb_row][et_pb_row column_structure=&#8221;1_3,1_3,1_3&#8243; admin_label=&#8221;Fila&#8221; _builder_version=&#8221;4.16&#8243; global_colors_info=&#8221;{}&#8221;][et_pb_column type=&#8221;1_3&#8243; _builder_version=&#8221;4.16&#8243; custom_padding=&#8221;|||&#8221; global_colors_info=&#8221;{}&#8221; parallax__hover=&#8221;off&#8221; parallax_method__hover=&#8221;on&#8221; custom_padding__hover=&#8221;|||&#8221;][et_pb_blurb title=&#8221;Festas das Parroquias&#8221; url=&#8221;#parroquias&#8221; image=&#8221;https:\/\/turismo.valadouro.org\/wp-content\/uploads\/2018\/08\/Fiestas-populares.jpg&#8221; _builder_version=&#8221;4.16&#8243; global_colors_info=&#8221;{}&#8221;][\/et_pb_blurb][et_pb_blurb title=&#8221;Semana Santa&#8221; url=&#8221;#santa&#8221; image=&#8221;https:\/\/turismo.valadouro.org\/wp-content\/uploads\/2018\/08\/semana-santa.jpg&#8221; _builder_version=&#8221;4.16&#8243; global_colors_info=&#8221;{}&#8221;][\/et_pb_blurb][et_pb_blurb title=&#8221;Mercado da Primavera&#8221; url=&#8221;#primaveira&#8221; image=&#8221;https:\/\/turismo.valadouro.org\/wp-content\/uploads\/2018\/08\/primavera.jpg&#8221; _builder_version=&#8221;4.16&#8243; global_colors_info=&#8221;{}&#8221;][\/et_pb_blurb][\/et_pb_column][et_pb_column type=&#8221;1_3&#8243; _builder_version=&#8221;4.16&#8243; custom_padding=&#8221;|||&#8221; global_colors_info=&#8221;{}&#8221; parallax__hover=&#8221;off&#8221; parallax_method__hover=&#8221;on&#8221; custom_padding__hover=&#8221;|||&#8221;][et_pb_blurb title=&#8221;Feira do Mel&#8221; url=&#8221;#mel&#8221; image=&#8221;https:\/\/turismo.valadouro.org\/wp-content\/uploads\/2018\/08\/mel.jpg&#8221; _builder_version=&#8221;4.16&#8243; global_colors_info=&#8221;{}&#8221;][\/et_pb_blurb][et_pb_blurb title=&#8221;Concentraci\u00f3n de motos&#8221; url=&#8221;#motos&#8221; image=&#8221;https:\/\/turismo.valadouro.org\/wp-content\/uploads\/2018\/08\/motos.jpg&#8221; _builder_version=&#8221;4.16&#8243; global_colors_info=&#8221;{}&#8221;][\/et_pb_blurb][et_pb_blurb title=&#8221;Semana do Teatro&#8221; url=&#8221;#teatro&#8221; image=&#8221;https:\/\/turismo.valadouro.org\/wp-content\/uploads\/2018\/08\/teatro.jpg&#8221; _builder_version=&#8221;4.16&#8243; global_colors_info=&#8221;{}&#8221;][\/et_pb_blurb][\/et_pb_column][et_pb_column type=&#8221;1_3&#8243; _builder_version=&#8221;4.16&#8243; custom_padding=&#8221;|||&#8221; global_colors_info=&#8221;{}&#8221; parallax__hover=&#8221;off&#8221; parallax_method__hover=&#8221;on&#8221; custom_padding__hover=&#8221;|||&#8221;][et_pb_blurb title=&#8221;Rapa das Bestas&#8221; url=&#8221;#rapa&#8221; image=&#8221;https:\/\/turismo.valadouro.org\/wp-content\/uploads\/2018\/08\/rapa.jpg&#8221; _builder_version=&#8221;4.16&#8243; global_colors_info=&#8221;{}&#8221;][\/et_pb_blurb][et_pb_blurb title=&#8221;Mostra Folcl\u00f3rica&#8221; url=&#8221;#teatro&#8221; image=&#8221;https:\/\/turismo.valadouro.org\/wp-content\/uploads\/2018\/08\/folclore.jpg&#8221; _builder_version=&#8221;4.16&#8243; global_colors_info=&#8221;{}&#8221;][\/et_pb_blurb][\/et_pb_column][\/et_pb_row][et_pb_row admin_label=&#8221;Fila&#8221; _builder_version=&#8221;4.16&#8243; global_colors_info=&#8221;{}&#8221;][et_pb_column type=&#8221;4_4&#8243; _builder_version=&#8221;4.16&#8243; custom_padding=&#8221;|||&#8221; global_colors_info=&#8221;{}&#8221; parallax__hover=&#8221;off&#8221; parallax_method__hover=&#8221;on&#8221; custom_padding__hover=&#8221;|||&#8221;][et_pb_text admin_label=&#8221;texto&#8221; module_id=&#8221;parroquias&#8221; _builder_version=&#8221;4.16&#8243; global_colors_info=&#8221;{}&#8221;]<\/p>\n<h5 style=\"text-align: center;\"><strong>Festas das Parroquias<\/strong><\/h5>\n<p>[\/et_pb_text][\/et_pb_column][\/et_pb_row][et_pb_row column_structure=&#8221;1_2,1_2&#8243; admin_label=&#8221;Fila&#8221; _builder_version=&#8221;4.16&#8243; custom_padding=&#8221;29.6875px|0px|0|0px|false|false&#8221; global_colors_info=&#8221;{}&#8221;][et_pb_column type=&#8221;1_2&#8243; _builder_version=&#8221;4.16&#8243; custom_padding=&#8221;|||&#8221; global_colors_info=&#8221;{}&#8221; parallax__hover=&#8221;off&#8221; parallax_method__hover=&#8221;on&#8221; custom_padding__hover=&#8221;|||&#8221;][et_pb_text _builder_version=&#8221;4.16&#8243; global_colors_info=&#8221;{}&#8221;]<\/p>\n<div class=\"top_verde\">\n<div class=\"titulo\">\n<div class=\"top_verde\">\n<div class=\"titulo\"><strong>Alaxe<\/strong>.<\/div>\n<\/div>\n<div class=\"bloque\">\n<div class=\"rollo\">\n<p>Festas de San Xo\u00e1n. 24 de xu\u00f1o.<\/p>\n<p><strong>Budi\u00e1n<\/strong>.<br \/>\nFesta das Dolores. 15 de setembro.<\/p>\n<p><strong>Cadram\u00f3n<\/strong>.<br \/>\nFestas de San Xurxo, San Cosme e Santa Filomena. 26 de setembro.<\/p>\n<p><strong>Ferreira<\/strong>.<br \/>\nFestas do Oito. Do 7 \u00f3 10 de setembro.<\/p>\n<p><strong>Frexulfe<\/strong>.<br \/>\nSagrado Coraz\u00f3n de Xes\u00fas. venres de xu\u00f1o dependendo da Semana Santa.<\/p>\n<\/div>\n<\/div>\n<\/div>\n<\/div>\n<div class=\"bloque\">\n<p>&nbsp;<\/p>\n<\/div>\n<p>[\/et_pb_text][\/et_pb_column][et_pb_column type=&#8221;1_2&#8243; _builder_version=&#8221;4.16&#8243; custom_padding=&#8221;|||&#8221; global_colors_info=&#8221;{}&#8221; parallax__hover=&#8221;off&#8221; parallax_method__hover=&#8221;on&#8221; custom_padding__hover=&#8221;|||&#8221;][et_pb_text _builder_version=&#8221;4.16&#8243; global_colors_info=&#8221;{}&#8221;]<\/p>\n<div class=\"top_verde\">\n<div class=\"titulo\">\n<div class=\"top_verde\"><\/div>\n<div class=\"bloque\">\n<div class=\"rollo\">\n<p><strong>Moucide<\/strong>.<br \/> Festas de San Estevo. 26 de decembro.<\/p>\n<p><strong>Recar\u00e9<\/strong>.<br \/> Festas do Carme. 16 de xullo.<\/p>\n<p><strong>Santa Cruz<\/strong>.<br \/> Festas de Santa Cruz. 3 de maio.<\/p>\n<div class=\"top_verde\"><strong>Santa Cruz.<\/strong><\/div>\n<div class=\"top_verde\">Festas de A Casela en honor a Virxen do Carmen. \u00daltimo domingo de Xulio.<\/div>\n<p><strong>Santo Tom\u00e9<\/strong>.<br \/> Festas do Santo Cristo. 14 de setembro.<\/p>\n<p><strong>Vilacampa<\/strong>.<br \/> Festas do Santo Domingo. 4 de agosto.<\/p>\n<\/div>\n<\/div>\n<\/div>\n<\/div>\n<div class=\"bloque\">\n<p>&nbsp;<\/p>\n<\/div>\n<p>[\/et_pb_text][\/et_pb_column][\/et_pb_row][\/et_pb_section][et_pb_section fb_built=&#8221;1&#8243; _builder_version=&#8221;4.16&#8243; custom_padding=&#8221;0|0px|0|0px|false|false&#8221; global_colors_info=&#8221;{}&#8221;][et_pb_row column_structure=&#8221;1_2,1_2&#8243; _builder_version=&#8221;4.16&#8243; background_size=&#8221;initial&#8221; background_position=&#8221;top_left&#8221; background_repeat=&#8221;repeat&#8221; custom_padding=&#8221;0|0px|27px|0px|false|false&#8221; global_colors_info=&#8221;{}&#8221;][et_pb_column type=&#8221;1_2&#8243; _builder_version=&#8221;4.16&#8243; custom_padding=&#8221;|||&#8221; global_colors_info=&#8221;{}&#8221; custom_padding__hover=&#8221;|||&#8221;][et_pb_text module_id=&#8221;mel&#8221; _builder_version=&#8221;4.16&#8243; custom_padding=&#8221;||0px|&#8221; global_colors_info=&#8221;{}&#8221;]<\/p>\n<h5 style=\"text-align: left;\"><strong>Feira do Mel<\/strong><\/h5>\n<h5 style=\"text-align: left;\"><strong>2\u00ba s\u00e1bado de outubro<\/strong><\/h5>\n<p>[\/et_pb_text][et_pb_text _builder_version=&#8221;4.16&#8243; custom_padding=&#8221;||0px|&#8221; global_colors_info=&#8221;{}&#8221;]<\/p>\n<p style=\"text-align: left;\">Unha das citas de m\u00e1is raigame da comarca referida \u00e1 venda, degustaci\u00f3n e actividades referidas \u00f3 mundo ap\u00edcola.<\/p>\n<p style=\"text-align: left;\">Esta feira pasou a ser organizada polo Concello do Valadouro dende o ano 2002.<\/p>\n<p style=\"text-align: left;\">O mel \u00e9 un dos m\u00e1is representativos productos agr\u00edcolas do Valadouro, o segundo s\u00e1bado de outubro cel\u00e9brase a \u00fanica Feira do Mel de toda a Mari\u00f1a de Lugo, \u00e1 que acuden numerosos apicultores da comarca . O mel do noso Concello destaca pola s\u00faa alta calidade o que fai que as vendas na Feira sexan elevadas.<\/p>\n<p style=\"text-align: left;\">Co\u00f1ecer o mundo das abellas<\/p>\n<p style=\"text-align: left;\">As abellas forman unha das sociedades mais perfectas e organizadas que creou a natureza, na que cada membro ten un papel asignado; ningu\u00e9n se rebela, e ningu\u00e9n envexa a labor do outro. En cada colmea pode haber dende 30 a 50.000 abellas que se dispo\u00f1en nunha xer\u00e1rquia, na c\u00faspide est\u00e1 a ra\u00ed\u00f1a, logo as obreiras, e os z\u00e1nganos.<\/p>\n<p style=\"text-align: left;\">A ra\u00ed\u00f1a \u00e9 a \u00fanica femia perfecta, \u00e9 a encargada da reproducci\u00f3n e de manter unida \u00e1 colmea. S\u00f3 voa fora da colmea en d\u00faas ocasi\u00f3ns: para fecundarse e para formar unha nova colonia cando aparece un enxame. Alim\u00e9ntase de xalea real e \u00e9 a abella mais lonxeva, pode vivir ata cinco anos.<\/p>\n<p style=\"text-align: left;\">As obreiras son abellas femias incompletas, non poden po\u00f1er ovos. Son a maior\u00eda do enxame. Te\u00f1en distintas funci\u00f3ns dependendo da s\u00faa idade.:<\/p>\n<p style=\"text-align: left;\">Ao pouco de nacer son limpiadoras, no cuarto dia te\u00f1en que alimentar as larvas, no d\u00e9cimo dia comenzan a producir xalea real para a reina<\/p>\n<p style=\"text-align: left;\">Mais tarde \u00e9 ata o vix\u00e9simo dias adicanse a producir cera, ventilar o exceso de humidade e calor, fabrican \u00f3 mel e defenden a colmea dos inimigos. Despois das tres semanas e ata a s\u00faa morte funcionan como encargadas de recolectar n\u00e9ctar, prop\u00f3le e polen, voan de un a tres km. \u00f3 redor da colmea .<\/p>\n<p>[\/et_pb_text][\/et_pb_column][et_pb_column type=&#8221;1_2&#8243; _builder_version=&#8221;4.16&#8243; custom_padding=&#8221;|||&#8221; global_colors_info=&#8221;{}&#8221; custom_padding__hover=&#8221;|||&#8221;][et_pb_divider show_divider=&#8221;off&#8221; _builder_version=&#8221;4.16&#8243; height=&#8221;76px&#8221; global_colors_info=&#8221;{}&#8221;][\/et_pb_divider][et_pb_text _builder_version=&#8221;4.16&#8243; custom_padding=&#8221;||0px|&#8221; global_colors_info=&#8221;{}&#8221;]<\/p>\n<p style=\"text-align: left;\">A vida dunha obreira \u00e9 de corenta a cincoenta dias se nacen no ver\u00e1n; as que nacen no inverno poden vivir ata seis meses.<\/p>\n<p style=\"text-align: left;\"><span style=\"font-size: 14px;\">Para defenderse contan con un aguill\u00f3n dentado , por eso cando pican, despr\u00e9ndeselles o aguill\u00f3n e morren.<\/span><\/p>\n<p style=\"text-align: left;\">Os z\u00e1nganos son as abellas macho, nacen de ovos non fecundados, s\u00f3 son fillos da reina, non te\u00f1en pai.A\u00ednda que te\u00f1en fama de vagos, cumpren a sua funcion : fecundar a ra\u00ed\u00f1a, e sempre en pleno voo, os denominados \u201cvoos nupciais\u201d. Ademais dan calor a cria e axudan a fabricar \u00f3 mel.<\/p>\n<p style=\"text-align: left;\">Elaboraci\u00f3n do mel. \u00c9 un producto totalmente natural que fan as abellas soas. Collen o n\u00e9ctar das plantas e transp\u00f3rtano ata a colmea nunha parte do seu aparato dixestivo, chamado buche do mel, bale\u00edrano nas celas dos panais que hai dentro da colmea, agr\u00e9ganlle enzimas e evap\u00f3ranlle parte da humidade. Realizan varios trasvases co mel ata que esta completamente maduro e proceden a s\u00faa conservaci\u00f3n mediante un selado herm\u00e9tico cunha fina capa de cera.<\/p>\n<p style=\"text-align: left;\">Cualidades. O mel \u00e9 un producto moi nutritivo con importantes caracter\u00edsticas terap\u00e9uticas. \u00c9 un excelente sustituto do azucre en reposteria e infusi\u00f3ns.<br \/>\nPolo seu poder antis\u00e9ptico e cicatrizante empr\u00e9gase t\u00f3picamente en queimaduras, feridas e \u00falceras na pel. Tomado con regularidade act\u00faa como un laxante suave.<\/p>\n<p style=\"text-align: left;\">Texto elaborado con informaci\u00f3ns suministradas por Marif\u00e9 Sixto Pernas productora ap\u00edcola e ga\u00f1adora de distintas distinci\u00f3ns que lle foron otorgadas nas Catas do Mel organizadas polo Consello Regulador do Mel de Galicia en colaboraci\u00f3n coa Conseller\u00eda do Medio Rural.<br \/>\nAdem\u00e1is, na casa de Marif\u00e9 podese visitar un pequeno museo do mel onde se expo\u00f1en instrumentos e ferramentas do apicultor como un apiario antigo, zona de exposici\u00f3ns con pezas antigas, paneis informativos e zona de audiovisuais ademais dun local de envasado.<\/p>\n<p>[\/et_pb_text][\/et_pb_column][\/et_pb_row][\/et_pb_section][et_pb_section fb_built=&#8221;1&#8243; _builder_version=&#8221;4.16&#8243; custom_padding=&#8221;0|0px|0|0px|false|false&#8221; global_colors_info=&#8221;{}&#8221;][\/et_pb_section][et_pb_section fb_built=&#8221;1&#8243; _builder_version=&#8221;4.16&#8243; custom_padding=&#8221;0|0px|0|0px|false|false&#8221; global_colors_info=&#8221;{}&#8221;][et_pb_row column_structure=&#8221;1_2,1_2&#8243; _builder_version=&#8221;4.16&#8243; background_size=&#8221;initial&#8221; background_position=&#8221;top_left&#8221; background_repeat=&#8221;repeat&#8221; custom_padding=&#8221;0|0px|27px|0px|false|false&#8221; global_colors_info=&#8221;{}&#8221;][et_pb_column type=&#8221;1_2&#8243; _builder_version=&#8221;4.16&#8243; custom_padding=&#8221;|||&#8221; global_colors_info=&#8221;{}&#8221; custom_padding__hover=&#8221;|||&#8221;][et_pb_text module_id=&#8221;santa&#8221; _builder_version=&#8221;4.16&#8243; custom_padding=&#8221;||0px|&#8221; global_colors_info=&#8221;{}&#8221;]<\/p>\n<h5><strong>Semana Santa<\/strong><\/h5>\n<p>[\/et_pb_text][et_pb_text _builder_version=&#8221;4.16&#8243; custom_padding=&#8221;||0px|&#8221; global_colors_info=&#8221;{}&#8221;]No Valadouro ten lugar unha das celebraci\u00f3ns m\u00e1is art\u00edsticas e personais da Semana Santa mari\u00f1\u00e1. O Arciprestado do Valadouro organiza dende hai varios anos un Via Crucis Vivinte polas cruces de subida de Santo Tom\u00e9 ademais da escenificaci\u00f3n, na igrexa parroquial de Santa Cruz, das escenas b\u00edblicas de Oraci\u00f3n de Xes\u00fas no Horto, as negaci\u00f3ns de Pedro, a Paix\u00f3n, Crucifixi\u00f3n e Resurrecci\u00f3n do Se\u00f1or. Veci\u00f1os do Valadouro toman parte nesta recente tradici\u00f3n, dando vida a fermosos cadros pl\u00e1sticos nos que se representa o dramatismo e paix\u00f3n propios destas datas.<br \/>\n[\/et_pb_text][et_pb_image src=&#8221;https:\/\/turismo.valadouro.org\/wp-content\/uploads\/2018\/08\/samana-santa.jpg&#8221; force_fullwidth=&#8221;on&#8221; align_tablet=&#8221;center&#8221; align_phone=&#8221;&#8221; align_last_edited=&#8221;on|desktop&#8221; _builder_version=&#8221;4.16&#8243; global_colors_info=&#8221;{}&#8221;][\/et_pb_image][\/et_pb_column][et_pb_column type=&#8221;1_2&#8243; _builder_version=&#8221;4.16&#8243; custom_padding=&#8221;|||&#8221; global_colors_info=&#8221;{}&#8221; custom_padding__hover=&#8221;|||&#8221;][et_pb_divider show_divider=&#8221;off&#8221; _builder_version=&#8221;4.16&#8243; height=&#8221;43px&#8221; global_colors_info=&#8221;{}&#8221;][\/et_pb_divider][et_pb_text _builder_version=&#8221;4.16&#8243; custom_padding=&#8221;||0px|&#8221; global_colors_info=&#8221;{}&#8221;]PROGRAMA COMPLETO<\/p>\n<p><span class=\"cab01\">Domingo de Ramos<\/span><br \/>\nRepresentaci\u00f3n da paix\u00f3n, morte e resurrecci\u00f3n de Xes\u00fas Entrada triunfal de Xes\u00fas en Xerusal\u00e9n, representada dende a subida a igrexa ata o adrio donde se procede a bendici\u00f3n de ramos. No interior da igrexa comezase coa representaci\u00f3n da \u00faltima cea de Xes\u00fas cos ap\u00f3stoles, oraci\u00f3n de Xes\u00fas en Getsemani, prendemento, posta diante de pilato e condea a morte de Xes\u00fas.<br \/>\nRepresentaci\u00f3n asemesmo de Xes\u00fas na cruz, morte e a soedade de Mar\u00eda.<\/p>\n<p><span class=\"cab01\">M\u00e9rcores Santo<\/span><br \/>\nRepresentaci\u00f3n do v\u00eda crucis vivinte coas catorce estaci\u00f3ns que hai nas cruces da subida a igrexa de Santo Tom\u00e9.<\/p>\n<ul>\n<li>1\u00aa estaci\u00f3n: Xes\u00fas condeado a morte<\/li>\n<li>2\u00aa estaci\u00f3n: Xes\u00fas carga coa cruz<\/li>\n<li>3\u00aa estaci\u00f3n: Xes\u00fas cae por primeira vez<\/li>\n<li>4\u00aa estaci\u00f3n:Encontro de Xes\u00fas coa sua nai a Virxe<\/li>\n<li>5\u00aa estaci\u00f3n: O Cirineo axuda a levala cruz a Xes\u00fas.<\/li>\n<li>6\u00aa estaci\u00f3n: A Ver\u00f3nica limpa o rostro de Xes\u00fas.<\/li>\n<li>7\u00aa estaci\u00f3n: Xes\u00fas cae por segunda vez.<\/li>\n<li>8\u00aa estaci\u00f3n: Xes\u00fas e consolado polas mulleres de Xerusalen.<\/li>\n<li>9\u00aa estaci\u00f3n: Xes\u00fas cae por terceira vez.<\/li>\n<li>10\u00ba estaci\u00f3n: Xes\u00fas e despoxado das suas vestiduras.<\/li>\n<li>11\u00aa estaci\u00f3n: Xes\u00fas e clavado na cruz.<\/li>\n<li>12\u00aa estaci\u00f3n :Xes\u00fas morre na cruz.<\/li>\n<li>13\u00aa estaci\u00f3n: Xes\u00fas en brazos de sua nai.<\/li>\n<li>14\u00aa estaci\u00f3n: Xes\u00fas posto no sepulcro.<\/li>\n<\/ul>\n<p>[\/et_pb_text][\/et_pb_column][\/et_pb_row][\/et_pb_section][et_pb_section fb_built=&#8221;1&#8243; _builder_version=&#8221;4.16&#8243; custom_padding=&#8221;0|0px|0|0px|false|false&#8221; global_colors_info=&#8221;{}&#8221;][et_pb_row column_structure=&#8221;1_2,1_2&#8243; _builder_version=&#8221;4.16&#8243; background_size=&#8221;initial&#8221; background_position=&#8221;top_left&#8221; background_repeat=&#8221;repeat&#8221; custom_padding=&#8221;0|0px|27px|0px|false|false&#8221; global_colors_info=&#8221;{}&#8221;][et_pb_column type=&#8221;1_2&#8243; _builder_version=&#8221;4.16&#8243; custom_padding=&#8221;|||&#8221; global_colors_info=&#8221;{}&#8221; custom_padding__hover=&#8221;|||&#8221;][et_pb_text module_id=&#8221;motos&#8221; _builder_version=&#8221;4.16&#8243; custom_padding=&#8221;||0px|&#8221; global_colors_info=&#8221;{}&#8221;]<\/p>\n<div class=\"top_verde\">\n<div class=\"top_verde\">\n<h5 class=\"titulo\"><strong>Concentraci\u00f3n de Motos<\/strong><\/h5>\n<div class=\"titulo\"><strong>1\u00ba fin de semana de maio<\/strong><\/div>\n<\/div>\n<\/div>\n<div class=\"bloque\">\n<div class=\"rollo\">\n<div class=\"spc2\"><\/div>\n<p>&nbsp;<\/p>\n<\/div>\n<\/div>\n<p>[\/et_pb_text][et_pb_text _builder_version=&#8221;4.16&#8243; custom_padding=&#8221;||0px|&#8221; global_colors_info=&#8221;{}&#8221;]Concentraci\u00f3n organizada polo\u00a0<strong class=\"cab01\">Motoclube do Val d\u00b4Ouro\u00a0<\/strong>que agrupa aficionados do Concello do Valadouro e Alfoz.<\/p>\n<p>Esta festa das motos integra a aficionados de Galicia e outros puntos de Espa\u00f1a.<\/p>\n<p>Rotas polas fermosas paisaxes da comarca, premios, gastronom\u00eda,exhibici\u00f3ns acrob\u00e1ticas e m\u00fasica, entre outras actividades, converten estas animadas datas nunha visita obrigada.<br \/>\n[\/et_pb_text][\/et_pb_column][et_pb_column type=&#8221;1_2&#8243; _builder_version=&#8221;4.16&#8243; custom_padding=&#8221;|||&#8221; global_colors_info=&#8221;{}&#8221; custom_padding__hover=&#8221;|||&#8221;][et_pb_divider show_divider=&#8221;off&#8221; _builder_version=&#8221;4.16&#8243; height=&#8221;43px&#8221; global_colors_info=&#8221;{}&#8221;][\/et_pb_divider][et_pb_image src=&#8221;https:\/\/turismo.valadouro.org\/wp-content\/uploads\/2018\/08\/concentracion_motos.jpg&#8221; align_tablet=&#8221;center&#8221; align_phone=&#8221;&#8221; align_last_edited=&#8221;on|desktop&#8221; _builder_version=&#8221;4.16&#8243; global_colors_info=&#8221;{}&#8221;][\/et_pb_image][\/et_pb_column][\/et_pb_row][\/et_pb_section][et_pb_section fb_built=&#8221;1&#8243; _builder_version=&#8221;4.16&#8243; custom_padding=&#8221;0|0px|0|0px|false|false&#8221; global_colors_info=&#8221;{}&#8221;][et_pb_row column_structure=&#8221;1_2,1_2&#8243; _builder_version=&#8221;4.16&#8243; background_size=&#8221;initial&#8221; background_position=&#8221;top_left&#8221; background_repeat=&#8221;repeat&#8221; custom_padding=&#8221;0|0px|27px|0px|false|false&#8221; global_colors_info=&#8221;{}&#8221;][et_pb_column type=&#8221;1_2&#8243; _builder_version=&#8221;4.16&#8243; custom_padding=&#8221;|||&#8221; global_colors_info=&#8221;{}&#8221; custom_padding__hover=&#8221;|||&#8221;][et_pb_text module_id=&#8221;rapa&#8221; _builder_version=&#8221;4.16&#8243; custom_padding=&#8221;||0px|&#8221; global_colors_info=&#8221;{}&#8221;]<\/p>\n<div class=\"top_verde\">\n<div class=\"top_verde\">\n<div class=\"top_verde\">\n<h5 class=\"titulo\"><strong>Rapa das Bestas<\/strong><\/h5>\n<div class=\"titulo\"><strong>1\u00ba domingo de agosto (Non se celebra desde 2019)<\/strong><\/div>\n<\/div>\n<\/div>\n<\/div>\n<div class=\"bloque\">\n<div class=\"rollo\">\n<div class=\"spc2\"><\/div>\n<p>&nbsp;<\/p>\n<\/div>\n<\/div>\n<p>[\/et_pb_text][et_pb_image src=&#8221;https:\/\/turismo.valadouro.org\/wp-content\/uploads\/2018\/08\/rapa_bestas.jpg&#8221; force_fullwidth=&#8221;on&#8221; align_tablet=&#8221;center&#8221; align_phone=&#8221;&#8221; align_last_edited=&#8221;on|desktop&#8221; _builder_version=&#8221;4.16&#8243; custom_padding=&#8221;0px||1px|&#8221; global_colors_info=&#8221;{}&#8221;][\/et_pb_image][\/et_pb_column][et_pb_column type=&#8221;1_2&#8243; _builder_version=&#8221;4.16&#8243; custom_padding=&#8221;|||&#8221; global_colors_info=&#8221;{}&#8221; custom_padding__hover=&#8221;|||&#8221;][et_pb_divider show_divider=&#8221;off&#8221; _builder_version=&#8221;4.16&#8243; height=&#8221;43px&#8221; global_colors_info=&#8221;{}&#8221;][\/et_pb_divider][et_pb_text _builder_version=&#8221;4.16&#8243; custom_padding=&#8221;||0px|&#8221; global_colors_info=&#8221;{}&#8221;]A Rapa das Bestas \u00e9 unha antiga tradici\u00f3n que ten a s\u00faa remota orixe na Idade de Bronce e da que o historiador romano Estrab\u00f3n fai referencia como curiosa actividade gandeira, louvando algunha das s\u00faas cualidades. \u00c9 a partir do s\u00e9culo XVIII cando se convirte nunha celebraci\u00f3n festiva e recibe a denominaci\u00f3n popular da Rapa das Bestas, a\u00ednda que sigue sendo co\u00f1ecida como curros en moitos lugares de Galicia.<\/p>\n<p>Esta festa na que se revive este rito ancestral do rapa das crinas e a marca do gando, cada vez adquire maior sona e popularidade pola espectacularidade da loita entre o home e as bestas, pola beleza paisax\u00edstica e a variedade de actos que se foron engadindo a este d\u00eda sinalado.<\/p>\n<p>Sobre as 12 da ma\u00f1\u00e1 faise unha selecci\u00f3n dos animais, que se pecharon no curro o d\u00eda anterior, para a s\u00faa posterior marcaxe en funci\u00f3n dos seus propietarios.<\/p>\n<p>Os loitadores comproban a afouteza dos exemplares para vencer a s\u00faa resistencia con forza e habelencia, reducindo aos cabalos no chan, marcando o sinal debida e rapando as crinas. Os animais m\u00e1is salvaxes son dominados con paciencia e sabedor\u00eda nas mangas, corredores estreitos no curro que limitan a capacidade de movemento das bestas.<\/p>\n<p>As crinas rep\u00e1rtense entre os nenos asistentes antes de recuperar forzas saboreando coa familia e os amigos unha comida campestre propia de calquera romar\u00eda: polbo \u00e1 feira, churrasco, empanadas..que p\u00f3dense adquirir en cantinas habilitadas no monte do curro a tal efecto.<\/p>\n<p>Despois do xantar, outro momento m\u00e1xico no d\u00eda: a beleza dos animais galopando en manda na procura da liberdade despois de abrir a curro.<\/p>\n<p>Sobre as 17 da tarde fanse xogos populares como a famosa cuca\u00f1a que premia a destreza dos rapaces na procura dun xam\u00f3n.<\/p>\n<p>Un dos platos fortes da xornada, e broche final, \u00e9 a carreira de cabalos na que participan os mellores xinetes da comarca e que fan deleitar ao p\u00fablico dende os mesmos entrenamentos. A competici\u00f3n finaliza co acto de entrega de premios aos ga\u00f1adores.<br \/>\n[\/et_pb_text][\/et_pb_column][\/et_pb_row][\/et_pb_section][et_pb_section fb_built=&#8221;1&#8243; _builder_version=&#8221;4.16&#8243; custom_padding=&#8221;0|0px|0|0px|false|false&#8221; global_colors_info=&#8221;{}&#8221;][et_pb_row _builder_version=&#8221;4.16&#8243; background_size=&#8221;initial&#8221; background_position=&#8221;top_left&#8221; background_repeat=&#8221;repeat&#8221; custom_padding=&#8221;0|0px|27px|0px|false|false&#8221; global_colors_info=&#8221;{}&#8221;][et_pb_column type=&#8221;4_4&#8243; _builder_version=&#8221;4.16&#8243; custom_padding=&#8221;|||&#8221; global_colors_info=&#8221;{}&#8221; custom_padding__hover=&#8221;|||&#8221;][et_pb_text module_id=&#8221;primaveira&#8221; _builder_version=&#8221;4.16&#8243; custom_padding=&#8221;||0px|&#8221; global_colors_info=&#8221;{}&#8221;]<\/p>\n<div class=\"top_verde\">\n<div class=\"top_verde\">\n<h5 class=\"titulo\"><strong>Mercado de Primaveira<\/strong><\/h5>\n<p><strong>S\u00e1bado m\u00e1s cercano al 25 de marzo<\/strong><\/p>\n<\/div>\n<\/div>\n<p>[\/et_pb_text][et_pb_text _builder_version=&#8221;4.16&#8243; custom_padding=&#8221;0px||0px|&#8221; global_colors_info=&#8221;{}&#8221;]<\/p>\n<p><span lang=\"gl-ES\" xml:lang=\"gl-ES\">Era tradici\u00f3n que en Ferreira do Valadouro se celebrara cada 2 de febreiro e 25 de marzo un mercado anual, ademais dos mercados do s\u00e1bado que se viven na capital deste concello cada semana.<\/span><\/p>\n<p><span lang=\"gl-ES\" xml:lang=\"gl-ES\">Esta costume foi perdida co tempo pero primeiro a A.C.D. Valadouro e agora co Concello se recuperou con enerx\u00eda e actividades complementarias o\u00a0<\/span><span lang=\"gl-ES\" xml:lang=\"gl-ES\"><em>Mercado Tradicional Anual de Primavera<\/em><\/span><span lang=\"gl-ES\" xml:lang=\"gl-ES\">.<\/span><\/p>\n<p><span lang=\"gl-ES\" xml:lang=\"gl-ES\">Ademais das t\u00edpicas vendas e degustaci\u00f3n dos produtos tradicionais, a hosteleria da vila ofrece nese fin de semana unha xornada gastron\u00f3mica dedicada a tapeo m\u00e1is variopinto. Conferencias e coloquios sobre a produci\u00f3n agraria do val, mostra de artesan\u00eda, m\u00fasica de gaitas, son alg\u00fans dos moitos actos que se poden ver neste Mercado Tradicional.<\/span><\/p>\n<p>Durante este d\u00eda hai unha gran cantidade de actividades: unha ruta de a\u00a0 tapa na que participan a maior\u00eda dos establecementos da zona, conferencias sobre temas relacionados co municipio, mostras de\u00a0 artesan\u00eda local, concertos de grupos da zona, o fotoenxebre, olimp\u00edadas rurais, venda e degustaci\u00f3n dos produtos aut\u00f3ctonos&#8230;e\u00a0 cantos de taberna polas r\u00faas e establecementos da zona.<\/p>\n<p>O desfile de zocas, \u00e9 un dos momentos m\u00e1is divertidos da xornada.\u00a0 Nel pode participar calquera persoa, sexa residente do municipio ou estea de paso, para mostrar as seus zuecas ( zocas). P\u00f3dense ver marabillas\u00a0 de todos os tipos: m\u00e1is tradicionais, de cores rechamantes, con motivos infant\u00eds, decoradas con bonecos ou mesmo imitando zapatillas\u00a0 deportivas. Tras o desfile e a posterior votaci\u00f3n do xurado el\u00edxese unha persoa ga\u00f1adora como orgullosa propietaria das mellores zocas dese ano.<\/p>\n<p>Este d\u00eda \u00e9 un dos m\u00e1is importantes do noso Concello, un d\u00eda para pasar en familia e, por suposto, todos vestidos coas nosas roupas m\u00e1is tradicionais (zocas, mandiles, saias, pantal\u00f3n de pana, camisas&#8230;.)<\/p>\n<p><span style=\"font-size: 14px;\">Como despedida o pobo e visitantes se dan cita na praza nunha animada verbena como se vi\u00f1a facendo naqueles tempos agora revividos.<\/span><\/p>\n<p>[\/et_pb_text][et_pb_image src=&#8221;https:\/\/turismo.valadouro.org\/wp-content\/uploads\/2018\/08\/mercado-primaveira.jpg&#8221; align_tablet=&#8221;center&#8221; align_phone=&#8221;&#8221; align_last_edited=&#8221;on|desktop&#8221; _builder_version=&#8221;4.16&#8243; global_colors_info=&#8221;{}&#8221;][\/et_pb_image][\/et_pb_column][\/et_pb_row][\/et_pb_section][et_pb_section fb_built=&#8221;1&#8243; _builder_version=&#8221;4.16&#8243; custom_padding=&#8221;0|0px|0|0px|false|false&#8221; global_colors_info=&#8221;{}&#8221;][et_pb_row column_structure=&#8221;1_2,1_2&#8243; _builder_version=&#8221;4.16&#8243; background_size=&#8221;initial&#8221; background_position=&#8221;top_left&#8221; background_repeat=&#8221;repeat&#8221; custom_padding=&#8221;0|0px|27px|0px|false|false&#8221; global_colors_info=&#8221;{}&#8221;][et_pb_column type=&#8221;1_2&#8243; _builder_version=&#8221;4.16&#8243; custom_padding=&#8221;|||&#8221; global_colors_info=&#8221;{}&#8221; custom_padding__hover=&#8221;|||&#8221;][et_pb_text module_id=&#8221;teatro&#8221; _builder_version=&#8221;4.16&#8243; custom_padding=&#8221;||0px|&#8221; global_colors_info=&#8221;{}&#8221;]<\/p>\n<div class=\"top_verde\">\n<div class=\"top_verde\">\n<div class=\"top_verde\">\n<div class=\"top_verde\">\n<h5 class=\"titulo\"><strong>Semana do Teatro<\/strong><\/h5>\n<div class=\"titulo\"><strong>1\u00aa semana\u00a0 de setembro<\/strong><\/div>\n<div class=\"titulo\">Semana consagrada \u00e1s artes dram\u00e1ticas constit\u00fae unha das convocatorias culturais m\u00e1is salientables que dan paso \u00e1s festas. Nela participan grupos teatrais afeccionados e profesionais que representan no escenario os m\u00e1is variados estilos.<\/div>\n<\/div>\n<\/div>\n<\/div>\n<\/div>\n<p>[\/et_pb_text][et_pb_image src=&#8221;https:\/\/turismo.valadouro.org\/wp-content\/uploads\/2018\/08\/semana-de-teatro.jpg&#8221; force_fullwidth=&#8221;on&#8221; align_tablet=&#8221;center&#8221; align_phone=&#8221;&#8221; align_last_edited=&#8221;on|desktop&#8221; module_id=&#8221;teatro&#8221; _builder_version=&#8221;4.16&#8243; custom_padding=&#8221;0px||1px|&#8221; global_colors_info=&#8221;{}&#8221;][\/et_pb_image][\/et_pb_column][et_pb_column type=&#8221;1_2&#8243; _builder_version=&#8221;4.16&#8243; custom_padding=&#8221;|||&#8221; global_colors_info=&#8221;{}&#8221; custom_padding__hover=&#8221;|||&#8221;][et_pb_text module_id=&#8221;mostra&#8221; _builder_version=&#8221;4.16&#8243; custom_padding=&#8221;||0px|&#8221; global_colors_info=&#8221;{}&#8221;]<\/p>\n<div class=\"top_verde\">\n<h5 class=\"titulo\"><strong>Mostra Folcl\u00f3rica<\/strong><\/h5>\n<p class=\"titulo\"><strong>1\u00ba s\u00e1bado \u00a0de setembro<\/strong><\/p>\n<\/div>\n<div class=\"bloque\">\n<div class=\"rollo\">\n<p>Esta mostra que dirixe a\u00a0<strong>Asociaci\u00f3n Cultural Amado Lar<\/strong>\u00a0dende 1985 pretende conservar e fomenta-la m\u00fasica e baile tradicional galego ademais da relaci\u00f3n e intercambio con outras entidades semellantes en Galicia e o resto de Espa\u00f1a.<\/p>\n<\/div>\n<\/div>\n<p>[\/et_pb_text][et_pb_image src=&#8221;https:\/\/turismo.valadouro.org\/wp-content\/uploads\/2018\/08\/folclore-festa.jpg&#8221; force_fullwidth=&#8221;on&#8221; align_tablet=&#8221;center&#8221; align_phone=&#8221;&#8221; align_last_edited=&#8221;on|desktop&#8221; _builder_version=&#8221;4.16&#8243; custom_padding=&#8221;0px||1px|&#8221; global_colors_info=&#8221;{}&#8221;][\/et_pb_image][\/et_pb_column][\/et_pb_row][\/et_pb_section][et_pb_section fb_built=&#8221;1&#8243; _builder_version=&#8221;4.16&#8243; _module_preset=&#8221;default&#8221; global_colors_info=&#8221;{}&#8221;][et_pb_row _builder_version=&#8221;4.16&#8243; _module_preset=&#8221;default&#8221; global_colors_info=&#8221;{}&#8221;][et_pb_column type=&#8221;4_4&#8243; _builder_version=&#8221;4.16&#8243; _module_preset=&#8221;default&#8221; global_colors_info=&#8221;{}&#8221;][et_pb_social_media_follow _builder_version=&#8221;4.10.5&#8243; text_orientation=&#8221;center&#8221; global_module=&#8221;1242&#8243; global_colors_info=&#8221;{}&#8221;][et_pb_social_media_follow_network social_network=&#8221;facebook&#8221; url=&#8221;https:\/\/es-es.facebook.com\/concellodovaladouro\/&#8221; _builder_version=&#8221;4.16&#8243; background_color=&#8221;#3b5998&#8243; global_colors_info=&#8221;{}&#8221; follow_button=&#8221;off&#8221; url_new_window=&#8221;on&#8221;]facebook[\/et_pb_social_media_follow_network][et_pb_social_media_follow_network social_network=&#8221;youtube&#8221; url=&#8221;https:\/\/www.youtube.com\/channel\/UCM4sdt5hbHpJBK9Z9Z3VFkw&#8221; _builder_version=&#8221;4.16&#8243; background_color=&#8221;#a82400&#8243; global_colors_info=&#8221;{}&#8221; follow_button=&#8221;off&#8221; url_new_window=&#8221;on&#8221;]youtube[\/et_pb_social_media_follow_network][et_pb_social_media_follow_network social_network=&#8221;instagram&#8221; url=&#8221;https:\/\/www.instagram.com\/concellodovaladouro\/?hl=es&#8221; _builder_version=&#8221;4.16&#8243; _module_preset=&#8221;default&#8221; background_color=&#8221;#ea2c59&#8243; global_colors_info=&#8221;{}&#8221; follow_button=&#8221;off&#8221; url_new_window=&#8221;on&#8221;]instagram[\/et_pb_social_media_follow_network][\/et_pb_social_media_follow][\/et_pb_column][\/et_pb_row][\/et_pb_section][et_pb_section fb_built=&#8221;1&#8243; _builder_version=&#8221;3.22&#8243; custom_padding=&#8221;0|0px|0|0px|false|false&#8221; global_module=&#8221;1406&#8243; global_colors_info=&#8221;{}&#8221;][et_pb_row column_structure=&#8221;1_8,1_8,1_8,1_8,1_8,1_8,1_8,1_8&#8243; use_custom_gutter=&#8221;on&#8221; _builder_version=&#8221;4.16&#8243; max_width=&#8221;1546px&#8221; use_custom_width=&#8221;on&#8221; custom_width_px=&#8221;1546px&#8221; global_colors_info=&#8221;{}&#8221;][et_pb_column type=&#8221;1_8&#8243; _builder_version=&#8221;4.16&#8243; custom_padding=&#8221;|||&#8221; global_colors_info=&#8221;{}&#8221; custom_padding__hover=&#8221;|||&#8221;][et_pb_blurb title=&#8221;Concello&#8221; url=&#8221;https:\/\/www.valadouro.gal\/inicio\/&#8221; image=&#8221;https:\/\/turismo.valadouro.org\/wp-content\/uploads\/2018\/08\/concello.png&#8221; image_icon_width=&#8221;69%&#8221; _builder_version=&#8221;4.16&#8243; text_orientation=&#8221;center&#8221; filter_hue_rotate=&#8221;128deg&#8221; filter_saturate=&#8221;51%&#8221; filter_invert=&#8221;62%&#8221; image_max_width=&#8221;69%&#8221; global_colors_info=&#8221;{}&#8221;][\/et_pb_blurb][\/et_pb_column][et_pb_column type=&#8221;1_8&#8243; _builder_version=&#8221;4.16&#8243; custom_padding=&#8221;|||&#8221; global_colors_info=&#8221;{}&#8221; custom_padding__hover=&#8221;|||&#8221;][et_pb_blurb title=&#8221;Onde Informarse&#8221; url=&#8221;https:\/\/turismo.valadouro.gal\/gl\/onde-informarse\/&#8221; image=&#8221;https:\/\/turismo.valadouro.gal\/wp-content\/uploads\/2021\/09\/donde-informarse.png&#8221; image_icon_width=&#8221;69%&#8221; _builder_version=&#8221;4.16&#8243; text_orientation=&#8221;center&#8221; filter_hue_rotate=&#8221;128deg&#8221; filter_saturate=&#8221;51%&#8221; filter_invert=&#8221;62%&#8221; image_max_width=&#8221;69%&#8221; global_colors_info=&#8221;{}&#8221;][\/et_pb_blurb][\/et_pb_column][et_pb_column type=&#8221;1_8&#8243; _builder_version=&#8221;4.16&#8243; custom_padding=&#8221;|||&#8221; global_colors_info=&#8221;{}&#8221; custom_padding__hover=&#8221;|||&#8221;][et_pb_blurb title=&#8221;Festas&#8221; url=&#8221;https:\/\/turismo.valadouro.gal\/gl\/festas\/&#8221; image=&#8221;https:\/\/turismo.valadouro.org\/wp-content\/uploads\/2018\/08\/fiestas.png&#8221; image_icon_width=&#8221;69%&#8221; _builder_version=&#8221;4.16&#8243; text_orientation=&#8221;center&#8221; filter_hue_rotate=&#8221;128deg&#8221; filter_saturate=&#8221;51%&#8221; filter_invert=&#8221;62%&#8221; image_max_width=&#8221;69%&#8221; global_colors_info=&#8221;{}&#8221;][\/et_pb_blurb][\/et_pb_column][et_pb_column type=&#8221;1_8&#8243; _builder_version=&#8221;4.16&#8243; custom_padding=&#8221;|||&#8221; global_colors_info=&#8221;{}&#8221; custom_padding__hover=&#8221;|||&#8221;][et_pb_blurb title=&#8221;Restauraci\u00f3n&#8221; url=&#8221;https:\/\/turismo.valadouro.gal\/gl\/restauracion\/&#8221; image=&#8221;https:\/\/turismo.valadouro.org\/wp-content\/uploads\/2018\/08\/restauracion.png&#8221; image_icon_width=&#8221;69%&#8221; _builder_version=&#8221;4.16&#8243; text_orientation=&#8221;center&#8221; filter_hue_rotate=&#8221;128deg&#8221; filter_saturate=&#8221;51%&#8221; filter_invert=&#8221;62%&#8221; image_max_width=&#8221;69%&#8221; global_colors_info=&#8221;{}&#8221;][\/et_pb_blurb][\/et_pb_column][et_pb_column type=&#8221;1_8&#8243; _builder_version=&#8221;4.16&#8243; custom_padding=&#8221;|||&#8221; global_colors_info=&#8221;{}&#8221; custom_padding__hover=&#8221;|||&#8221;][et_pb_blurb title=&#8221;Aloxamento&#8221; url=&#8221;https:\/\/turismo.valadouro.gal\/gl\/aloxamento\/&#8221; image=&#8221;https:\/\/turismo.valadouro.org\/wp-content\/uploads\/2018\/08\/alojanientos.png&#8221; image_icon_width=&#8221;69%&#8221; _builder_version=&#8221;4.16&#8243; text_orientation=&#8221;center&#8221; filter_hue_rotate=&#8221;128deg&#8221; filter_saturate=&#8221;51%&#8221; filter_invert=&#8221;62%&#8221; image_max_width=&#8221;69%&#8221; global_colors_info=&#8221;{}&#8221;][\/et_pb_blurb][\/et_pb_column][et_pb_column type=&#8221;1_8&#8243; _builder_version=&#8221;4.16&#8243; custom_padding=&#8221;|||&#8221; global_colors_info=&#8221;{}&#8221; custom_padding__hover=&#8221;|||&#8221;][et_pb_blurb title=&#8221;Senderismo&#8221; url=&#8221;https:\/\/es.wikiloc.com\/wikiloc\/user.do?id=8370125&#8243; url_new_window=&#8221;on&#8221; image=&#8221;https:\/\/turismo.valadouro.org\/wp-content\/uploads\/2018\/08\/senderismo.png&#8221; image_icon_width=&#8221;69%&#8221; _builder_version=&#8221;4.16&#8243; text_orientation=&#8221;center&#8221; filter_hue_rotate=&#8221;128deg&#8221; filter_saturate=&#8221;51%&#8221; filter_invert=&#8221;62%&#8221; image_max_width=&#8221;69%&#8221; global_colors_info=&#8221;{}&#8221;][\/et_pb_blurb][\/et_pb_column][et_pb_column type=&#8221;1_8&#8243; _builder_version=&#8221;4.16&#8243; custom_padding=&#8221;|||&#8221; global_colors_info=&#8221;{}&#8221; custom_padding__hover=&#8221;|||&#8221;][et_pb_blurb title=&#8221;Rueiro&#8221; url=&#8221;https:\/\/turismo.valadouro.gal\/gl\/rueiro\/&#8221; image=&#8221;https:\/\/turismo.valadouro.org\/wp-content\/uploads\/2018\/08\/historia2.png&#8221; image_icon_width=&#8221;69%&#8221; _builder_version=&#8221;4.16&#8243; text_orientation=&#8221;center&#8221; filter_hue_rotate=&#8221;128deg&#8221; filter_saturate=&#8221;51%&#8221; filter_invert=&#8221;62%&#8221; image_max_width=&#8221;69%&#8221; global_colors_info=&#8221;{}&#8221;][\/et_pb_blurb][\/et_pb_column][et_pb_column type=&#8221;1_8&#8243; _builder_version=&#8221;4.16&#8243; custom_padding=&#8221;|||&#8221; global_colors_info=&#8221;{}&#8221; custom_padding__hover=&#8221;|||&#8221;][et_pb_blurb title=&#8221;Mapa Gis&#8221; url=&#8221;https:\/\/valadouro.gal\/GIS&#8221; image=&#8221;https:\/\/turismo.valadouro.org\/wp-content\/uploads\/2018\/08\/gis.png&#8221; image_icon_width=&#8221;69%&#8221; _builder_version=&#8221;4.16&#8243; text_orientation=&#8221;center&#8221; filter_hue_rotate=&#8221;128deg&#8221; filter_saturate=&#8221;51%&#8221; filter_invert=&#8221;62%&#8221; image_max_width=&#8221;69%&#8221; global_colors_info=&#8221;{}&#8221;][\/et_pb_blurb][\/et_pb_column][\/et_pb_row][et_pb_row column_structure=&#8221;1_6,1_6,1_6,1_6,1_6,1_6&#8243; use_custom_gutter=&#8221;on&#8221; _builder_version=&#8221;4.16&#8243; max_width=&#8221;1546px&#8221; use_custom_width=&#8221;on&#8221; custom_width_px=&#8221;1546px&#8221; global_colors_info=&#8221;{}&#8221;][et_pb_column type=&#8221;1_6&#8243; _builder_version=&#8221;4.16&#8243; custom_padding=&#8221;|||&#8221; global_colors_info=&#8221;{}&#8221; custom_padding__hover=&#8221;|||&#8221;][et_pb_blurb title=&#8221; Un Destino 4 Estaci\u00f3ns&#8221; url=&#8221;https:\/\/turismo.valadouro.gal\/gl\/&#8221; image=&#8221;https:\/\/turismo.valadouro.org\/wp-content\/uploads\/2018\/08\/vive1.png&#8221; image_icon_width=&#8221;69%&#8221; _builder_version=&#8221;4.16&#8243; text_orientation=&#8221;center&#8221; filter_hue_rotate=&#8221;128deg&#8221; filter_saturate=&#8221;51%&#8221; filter_invert=&#8221;62%&#8221; image_max_width=&#8221;69%&#8221; global_colors_info=&#8221;{}&#8221;][\/et_pb_blurb][\/et_pb_column][et_pb_column type=&#8221;1_6&#8243; _builder_version=&#8221;4.16&#8243; custom_padding=&#8221;|||&#8221; global_colors_info=&#8221;{}&#8221; custom_padding__hover=&#8221;|||&#8221;][et_pb_blurb title=&#8221;Natureza&#8221; url=&#8221;https:\/\/turismo.valadouro.gal\/gl\/natureza\/&#8221; image=&#8221;https:\/\/turismo.valadouro.gal\/wp-content\/uploads\/2021\/09\/naturaleza.png&#8221; image_icon_width=&#8221;69%&#8221; _builder_version=&#8221;4.16&#8243; text_orientation=&#8221;center&#8221; filter_hue_rotate=&#8221;128deg&#8221; filter_saturate=&#8221;51%&#8221; filter_invert=&#8221;62%&#8221; image_max_width=&#8221;69%&#8221; global_colors_info=&#8221;{}&#8221;][\/et_pb_blurb][\/et_pb_column][et_pb_column type=&#8221;1_6&#8243; _builder_version=&#8221;4.16&#8243; custom_padding=&#8221;|||&#8221; global_colors_info=&#8221;{}&#8221; custom_padding__hover=&#8221;|||&#8221;][et_pb_blurb title=&#8221;Igrexas e pazos&#8221; url=&#8221;https:\/\/turismo.valadouro.gal\/gl\/igrexas-e-pazos\/&#8221; image=&#8221;https:\/\/turismo.valadouro.gal\/wp-content\/uploads\/2021\/09\/iglesia.png&#8221; image_icon_width=&#8221;69%&#8221; _builder_version=&#8221;4.16&#8243; text_orientation=&#8221;center&#8221; filter_hue_rotate=&#8221;128deg&#8221; filter_saturate=&#8221;51%&#8221; filter_invert=&#8221;62%&#8221; image_max_width=&#8221;69%&#8221; global_colors_info=&#8221;{}&#8221;][\/et_pb_blurb][\/et_pb_column][et_pb_column type=&#8221;1_6&#8243; _builder_version=&#8221;4.16&#8243; custom_padding=&#8221;|||&#8221; global_colors_info=&#8221;{}&#8221; custom_padding__hover=&#8221;|||&#8221;][et_pb_blurb title=&#8221;Museo&#8221; url=&#8221;https:\/\/turismo.valadouro.gal\/gl\/museo\/&#8221; image=&#8221;https:\/\/turismo.valadouro.gal\/wp-content\/uploads\/2021\/09\/museo-1.png&#8221; image_icon_width=&#8221;69%&#8221; _builder_version=&#8221;4.16&#8243; text_orientation=&#8221;center&#8221; filter_hue_rotate=&#8221;128deg&#8221; filter_saturate=&#8221;51%&#8221; filter_invert=&#8221;62%&#8221; image_max_width=&#8221;69%&#8221; global_colors_info=&#8221;{}&#8221;][\/et_pb_blurb][\/et_pb_column][et_pb_column type=&#8221;1_6&#8243; _builder_version=&#8221;4.16&#8243; custom_padding=&#8221;|||&#8221; global_colors_info=&#8221;{}&#8221; custom_padding__hover=&#8221;|||&#8221;][et_pb_blurb title=&#8221;Cultura&#8221; url=&#8221;https:\/\/turismo.valadouro.gal\/gl\/patrimonio-cultural\/&#8221; image=&#8221;https:\/\/turismo.valadouro.gal\/wp-content\/uploads\/2021\/09\/cultura.png&#8221; image_icon_width=&#8221;69%&#8221; _builder_version=&#8221;4.16&#8243; text_orientation=&#8221;center&#8221; filter_hue_rotate=&#8221;128deg&#8221; filter_saturate=&#8221;51%&#8221; filter_invert=&#8221;62%&#8221; image_max_width=&#8221;69%&#8221; global_colors_info=&#8221;{}&#8221;][\/et_pb_blurb][\/et_pb_column][et_pb_column type=&#8221;1_6&#8243; _builder_version=&#8221;4.16&#8243; custom_padding=&#8221;|||&#8221; global_colors_info=&#8221;{}&#8221; custom_padding__hover=&#8221;|||&#8221;][et_pb_blurb title=&#8221;Historia&#8221; url=&#8221;https:\/\/turismo.valadouro.gal\/gl\/historia\/&#8221; image=&#8221;https:\/\/turismo.valadouro.gal\/wp-content\/uploads\/2021\/09\/historia.png&#8221; image_icon_width=&#8221;69%&#8221; _builder_version=&#8221;4.16&#8243; text_orientation=&#8221;center&#8221; filter_hue_rotate=&#8221;128deg&#8221; filter_saturate=&#8221;51%&#8221; filter_invert=&#8221;62%&#8221; image_max_width=&#8221;69%&#8221; global_colors_info=&#8221;{}&#8221;][\/et_pb_blurb][\/et_pb_column][\/et_pb_row][\/et_pb_section][et_pb_section fb_built=&#8221;1&#8243; admin_label=&#8221;Hero&#8221; _builder_version=&#8221;4.16&#8243; background_color_gradient_direction=&#8221;70deg&#8221; background_size=&#8221;initial&#8221; background_video_height=&#8221;1080&#8243; custom_margin=&#8221;||0%|&#8221; custom_padding=&#8221;0||0||false|false&#8221; top_divider_color=&#8221;rgba(42,81,12,0.65)&#8221; top_divider_height=&#8221;145px&#8221; top_divider_arrangement=&#8221;above_content&#8221; bottom_divider_style=&#8221;curve2&#8243; bottom_divider_color=&#8221;#415905&#8243; bottom_divider_height=&#8221;14vw&#8221; bottom_divider_repeat=&#8221;0.5x&#8221; bottom_divider_flip=&#8221;horizontal&#8221; global_colors_info=&#8221;{}&#8221;][et_pb_row _builder_version=&#8221;4.16&#8243; custom_margin=&#8221;|||&#8221; custom_padding=&#8221;0|0px|100px|0px|false|false&#8221; global_colors_info=&#8221;{}&#8221;][et_pb_column type=&#8221;4_4&#8243; _builder_version=&#8221;4.16&#8243; custom_padding=&#8221;|||&#8221; global_colors_info=&#8221;{}&#8221; custom_padding__hover=&#8221;|||&#8221;][et_pb_image src=&#8221;https:\/\/turismo.valadouro.org\/wp-content\/uploads\/2018\/09\/logo-o-valadouro.png&#8221; align=&#8221;center&#8221; align_tablet=&#8221;center&#8221; align_phone=&#8221;&#8221; align_last_edited=&#8221;on|desktop&#8221; _builder_version=&#8221;4.16&#8243; max_width=&#8221;23%&#8221; global_colors_info=&#8221;{}&#8221;][\/et_pb_image][\/et_pb_column][\/et_pb_row][\/et_pb_section]<\/p>\n","protected":false},"excerpt":{"rendered":"<p>FestasFestas e outros eventos Festas das Parroquias Alaxe. Festas de San Xo\u00e1n. 24 de xu\u00f1o. Budi\u00e1n. Festa das Dolores. 15 de setembro. Cadram\u00f3n. Festas de San Xurxo, San Cosme e Santa Filomena. 26 de setembro. Ferreira. Festas do Oito. Do 7 \u00f3 10 de setembro. Frexulfe. Sagrado Coraz\u00f3n de Xes\u00fas. venres de xu\u00f1o dependendo da [&hellip;]<\/p>\n","protected":false},"author":3,"featured_media":0,"parent":0,"menu_order":0,"comment_status":"closed","ping_status":"closed","template":"","meta":{"_et_pb_use_builder":"on","_et_pb_old_content":"","_et_gb_content_width":"","footnotes":""},"class_list":["post-73","page","type-page","status-publish","hentry"],"_links":{"self":[{"href":"https:\/\/turismo.valadouro.gal\/gl\/wp-json\/wp\/v2\/pages\/73\/"}],"collection":[{"href":"https:\/\/turismo.valadouro.gal\/gl\/wp-json\/wp\/v2\/pages\/"}],"about":[{"href":"https:\/\/turismo.valadouro.gal\/gl\/wp-json\/wp\/v2\/types\/page\/"}],"author":[{"embeddable":true,"href":"https:\/\/turismo.valadouro.gal\/gl\/wp-json\/wp\/v2\/users\/3\/"}],"replies":[{"embeddable":true,"href":"https:\/\/turismo.valadouro.gal\/gl\/wp-json\/wp\/v2\/comments\/?post=73"}],"version-history":[{"count":113,"href":"https:\/\/turismo.valadouro.gal\/gl\/wp-json\/wp\/v2\/pages\/73\/revisions\/"}],"predecessor-version":[{"id":1459,"href":"https:\/\/turismo.valadouro.gal\/gl\/wp-json\/wp\/v2\/pages\/73\/revisions\/1459\/"}],"wp:attachment":[{"href":"https:\/\/turismo.valadouro.gal\/gl\/wp-json\/wp\/v2\/media\/?parent=73"}],"curies":[{"name":"wp","href":"https:\/\/api.w.org\/{rel}","templated":true}]}}