{"id":77,"date":"2018-07-31T16:22:27","date_gmt":"2018-07-31T16:22:27","guid":{"rendered":"https:\/\/turismo.valadouro.org\/?page_id=77"},"modified":"2025-05-20T12:22:04","modified_gmt":"2025-05-20T12:22:04","slug":"restauracion","status":"publish","type":"page","link":"https:\/\/turismo.valadouro.gal\/gl\/restauracion\/","title":{"rendered":"Restauraci\u00f3n"},"content":{"rendered":"<p>[et_pb_section fb_built=&#8221;1&#8243; admin_label=&#8221;Hero&#8221; _builder_version=&#8221;4.16&#8243; background_color_gradient_direction=&#8221;70deg&#8221; background_image=&#8221;https:\/\/turismo.valadouro.org\/wp-content\/uploads\/2018\/07\/restauracion.jpg&#8221; background_size=&#8221;initial&#8221; background_video_height=&#8221;1080&#8243; custom_margin=&#8221;||0%|&#8221; custom_padding=&#8221;6vw||0||false|false&#8221; top_divider_style=&#8221;wave2&#8243; top_divider_color=&#8221;rgba(109,100,0,0.56&#8243; top_divider_height=&#8221;140px&#8221; top_divider_arrangement=&#8221;above_content&#8221; bottom_divider_style=&#8221;waves2&#8243; bottom_divider_color=&#8221;#915214&#8243; bottom_divider_height=&#8221;14vw&#8221; bottom_divider_repeat=&#8221;0.5x&#8221; bottom_divider_flip=&#8221;horizontal&#8221; box_shadow_style=&#8221;preset3&#8243; global_colors_info=&#8221;{}&#8221;][et_pb_row _builder_version=&#8221;4.16&#8243; custom_margin=&#8221;|||&#8221; custom_padding=&#8221;27px|0px|300px|0px&#8221; global_colors_info=&#8221;{}&#8221;][et_pb_column type=&#8221;4_4&#8243; _builder_version=&#8221;4.16&#8243; custom_padding=&#8221;|||&#8221; global_colors_info=&#8221;{}&#8221; custom_padding__hover=&#8221;|||&#8221;][et_pb_text _builder_version=&#8221;4.16&#8243; header_font=&#8221;Josefin Sans|700|||||||&#8221; header_font_size=&#8221;90px&#8221; header_line_height=&#8221;1.4em&#8221; header_2_font=&#8221;Josefin Sans||||||||&#8221; header_2_text_color=&#8221;rgba(255,255,255,0.6)&#8221; header_2_font_size=&#8221;32px&#8221; header_2_line_height=&#8221;1.4em&#8221; background_layout=&#8221;dark&#8221; animation_style=&#8221;slide&#8221; animation_direction=&#8221;right&#8221; animation_intensity_slide=&#8221;4%&#8221; header_font_size_tablet=&#8221;50px&#8221; header_font_size_phone=&#8221;32px&#8221; header_font_size_last_edited=&#8221;on|desktop&#8221; header_2_font_size_tablet=&#8221;&#8221; header_2_font_size_phone=&#8221;24px&#8221; header_2_font_size_last_edited=&#8221;on|phone&#8221; global_colors_info=&#8221;{}&#8221;]<\/p>\n<h1><\/h1>\n<h2>Restauraci\u00f3n<\/h2>\n<p>[\/et_pb_text][\/et_pb_column][\/et_pb_row][\/et_pb_section][et_pb_section fb_built=&#8221;1&#8243; _builder_version=&#8221;4.16&#8243; _module_preset=&#8221;default&#8221; global_colors_info=&#8221;{}&#8221;][et_pb_row column_structure=&#8221;1_2,1_2&#8243; _builder_version=&#8221;4.16&#8243; global_colors_info=&#8221;{}&#8221;][et_pb_column type=&#8221;1_2&#8243; _builder_version=&#8221;4.16&#8243; custom_padding=&#8221;|||&#8221; global_colors_info=&#8221;{}&#8221; custom_padding__hover=&#8221;|||&#8221;][et_pb_text _builder_version=&#8221;4.16&#8243; text_font=&#8221;Caudex||||||||&#8221; text_text_color=&#8221;#a06916&#8243; text_font_size=&#8221;29px&#8221; text_font_size_tablet=&#8221;&#8221; text_font_size_phone=&#8221;&#8221; text_font_size_last_edited=&#8221;on|desktop&#8221; text_letter_spacing_tablet=&#8221;&#8221; text_letter_spacing_phone=&#8221;&#8221; text_letter_spacing_last_edited=&#8221;on|desktop&#8221; global_colors_info=&#8221;{}&#8221;]<\/p>\n<div class=\"top_verde\">\n<div class=\"titulo\">\n<p>Parrillada A Roda<\/p>\n<\/div>\n<\/div>\n<div class=\"bloque\">\n<div class=\"rollo\">\n<div class=\"spc_linea\"><\/div>\n<\/div>\n<p>&nbsp;<\/p>\n<\/div>\n<p>[\/et_pb_text][et_pb_text _builder_version=&#8221;4.16&#8243; global_colors_info=&#8221;{}&#8221;]<\/p>\n<div class=\"top_verde\">\n<div class=\"titulo\">\n<p>Avenida da Diputaci\u00f3n, 1<br \/>Ferreira do Valadouro (Lugo)<br \/>Tel. 620 229 304<\/p>\n<\/div>\n<\/div>\n<div class=\"bloque\">\n<div class=\"rollo\">\n<div class=\"spc_linea\"><\/div>\n<\/div>\n<p>&nbsp;<\/p>\n<\/div>\n<p>[\/et_pb_text][et_pb_social_media_follow _builder_version=&#8221;4.16&#8243; _module_preset=&#8221;default&#8221; global_colors_info=&#8221;{}&#8221;][et_pb_social_media_follow_network social_network=&#8221;facebook&#8221; url=&#8221;https:\/\/www.facebook.com\/asadoirocambota\/&#8221; _builder_version=&#8221;4.16&#8243; _module_preset=&#8221;default&#8221; background_color=&#8221;#3b5998&#8243; global_colors_info=&#8221;{}&#8221; follow_button=&#8221;off&#8221; url_new_window=&#8221;on&#8221;]facebook[\/et_pb_social_media_follow_network][\/et_pb_social_media_follow][et_pb_divider color=&#8221;#e2b82b&#8221; _builder_version=&#8221;4.16&#8243; global_colors_info=&#8221;{}&#8221;][\/et_pb_divider][et_pb_image src=&#8221;https:\/\/turismo.valadouro.org\/wp-content\/uploads\/2018\/08\/parrillada-barreira.jpg&#8221; align_tablet=&#8221;center&#8221; align_phone=&#8221;&#8221; align_last_edited=&#8221;on|desktop&#8221; _builder_version=&#8221;4.16&#8243; box_shadow_style=&#8221;preset3&#8243; global_colors_info=&#8221;{}&#8221;]&nbsp;<br \/>\n[\/et_pb_image][\/et_pb_column][et_pb_column type=&#8221;1_2&#8243; _builder_version=&#8221;4.16&#8243; custom_padding=&#8221;|||&#8221; global_colors_info=&#8221;{}&#8221; custom_padding__hover=&#8221;|||&#8221;][et_pb_image src=&#8221;https:\/\/turismo.valadouro.org\/wp-content\/uploads\/2018\/08\/parrillada-barreira2.jpg&#8221; align_tablet=&#8221;center&#8221; align_phone=&#8221;&#8221; align_last_edited=&#8221;on|desktop&#8221; _builder_version=&#8221;4.16&#8243; box_shadow_style=&#8221;preset3&#8243; global_colors_info=&#8221;{}&#8221;]&nbsp;<br \/>\n[\/et_pb_image][et_pb_map address=&#8221;Feira Nova, 1, 27770 Ferreira do Valadouro, Lugo, Espa\u00f1a&#8221; address_lat=&#8221;43.5492909&#8243; address_lng=&#8221;-7.438008699999955&#8243; _builder_version=&#8221;4.16&#8243; global_colors_info=&#8221;{}&#8221;][et_pb_map_pin title=&#8221;Parrillada Barreira&#8221; pin_address=&#8221;Feira Nova, 1, 27770 Ferreira do Valadouro, Lugo, Espa\u00f1a&#8221; pin_address_lat=&#8221;43.5492909&#8243; pin_address_lng=&#8221;-7.438008699999955&#8243; _builder_version=&#8221;3.11.1&#8243; global_colors_info=&#8221;{}&#8221;][\/et_pb_map_pin][\/et_pb_map][\/et_pb_column][\/et_pb_row][et_pb_row column_structure=&#8221;1_2,1_2&#8243; _builder_version=&#8221;4.16&#8243; global_colors_info=&#8221;{}&#8221;][et_pb_column type=&#8221;1_2&#8243; _builder_version=&#8221;4.16&#8243; custom_padding=&#8221;|||&#8221; global_colors_info=&#8221;{}&#8221; custom_padding__hover=&#8221;|||&#8221;][et_pb_image src=&#8221;https:\/\/turismo.valadouro.org\/wp-content\/uploads\/2018\/08\/Hostal-O-Novo.png&#8221; align_tablet=&#8221;center&#8221; align_phone=&#8221;&#8221; align_last_edited=&#8221;on|desktop&#8221; _builder_version=&#8221;4.16&#8243; global_colors_info=&#8221;{}&#8221;][\/et_pb_image][et_pb_text _builder_version=&#8221;4.16&#8243; global_colors_info=&#8221;{}&#8221;]<\/p>\n<div class=\"top_verde\">\n<div class=\"titulo\">\n<p>Avenida de Viveiro, 7<br \/>O Valadouro (Lugo)<br \/>Tel.\u00a0<span class=\"cab01\">982 57 41 39<br \/><\/span><a href=\"http:\/\/www.onovo.es\/\" target=\"_blank\" rel=\"noopener\">www.onovo.es<\/a><br \/><a href=\"mailto:info@onovo.es\">info@onovo.es<\/a><\/p>\n<p>Servicio de restaurante para grupos.<\/p>\n<p>Raciones variadas.<\/p>\n<\/div>\n<\/div>\n<p>[\/et_pb_text][et_pb_divider color=&#8221;#e2b82b&#8221; _builder_version=&#8221;4.16&#8243; global_colors_info=&#8221;{}&#8221;][\/et_pb_divider][et_pb_image src=&#8221;https:\/\/turismo.valadouro.org\/wp-content\/uploads\/2018\/08\/onovo.jpg&#8221; align_tablet=&#8221;center&#8221; align_phone=&#8221;&#8221; align_last_edited=&#8221;on|desktop&#8221; _builder_version=&#8221;4.16&#8243; box_shadow_style=&#8221;preset3&#8243; global_colors_info=&#8221;{}&#8221;]&nbsp;<br \/>\n[\/et_pb_image][\/et_pb_column][et_pb_column type=&#8221;1_2&#8243; _builder_version=&#8221;4.16&#8243; custom_padding=&#8221;|||&#8221; global_colors_info=&#8221;{}&#8221; custom_padding__hover=&#8221;|||&#8221;][et_pb_image src=&#8221;https:\/\/turismo.valadouro.org\/wp-content\/uploads\/2018\/08\/Hostal-O-Novo.jpg&#8221; align_tablet=&#8221;center&#8221; align_phone=&#8221;&#8221; align_last_edited=&#8221;on|desktop&#8221; _builder_version=&#8221;4.16&#8243; box_shadow_style=&#8221;preset3&#8243; global_colors_info=&#8221;{}&#8221;]&nbsp;<br \/>\n[\/et_pb_image][et_pb_map address=&#8221;Av. de Viveiro, 7, 27770 O Valadouro, Lugo, Espa\u00f1a&#8221; address_lat=&#8221;43.5521482&#8243; address_lng=&#8221;-7.4414524&#8243; _builder_version=&#8221;4.16&#8243; global_colors_info=&#8221;{}&#8221;][et_pb_map_pin title=&#8221;Hostal O Novo&#8221; pin_address=&#8221;Av. de Viveiro, 7, 27770 O Valadouro, Lugo, Espa\u00f1a&#8221; pin_address_lat=&#8221;43.5521482&#8243; pin_address_lng=&#8221;-7.4414524&#8243; _builder_version=&#8221;3.11.1&#8243; global_colors_info=&#8221;{}&#8221;][\/et_pb_map_pin][\/et_pb_map][\/et_pb_column][\/et_pb_row][et_pb_row column_structure=&#8221;1_2,1_2&#8243; _builder_version=&#8221;4.16&#8243; global_colors_info=&#8221;{}&#8221;][et_pb_column type=&#8221;1_2&#8243; _builder_version=&#8221;4.16&#8243; custom_padding=&#8221;|||&#8221; global_colors_info=&#8221;{}&#8221; custom_padding__hover=&#8221;|||&#8221;][et_pb_image src=&#8221;https:\/\/turismo.valadouro.org\/wp-content\/uploads\/2018\/08\/logo_viladoval.png&#8221; align_tablet=&#8221;center&#8221; align_phone=&#8221;&#8221; align_last_edited=&#8221;on|desktop&#8221; _builder_version=&#8221;4.16&#8243; global_colors_info=&#8221;{}&#8221;][\/et_pb_image][et_pb_text _builder_version=&#8221;4.16&#8243; global_colors_info=&#8221;{}&#8221;]<\/p>\n<div class=\"top_verde\">\n<div class=\"titulo\">\n<p>leRESTAURANTE<\/p>\n<p>Plaza de Santa Mar\u00eda, 2<br \/>Ferreira do Valadouro (Lugo)<br \/>Tel. <span class=\"cab01\">669 806 446<\/span><a href=\"http:\/\/www.hotelviladoval.com\/\" target=\"_blank\" rel=\"noopener\"><br \/>www.hotelviladoval.com<\/a><br \/><a href=\"mailto:info@hotelviladoval.com\">info@hotelviladoval.com<\/a><\/p>\n<p>Cocina gallega casera.<\/p>\n<p>Comida para comer en local y para llevar.<\/p>\n<\/div>\n<\/div>\n<p>[\/et_pb_text][et_pb_social_media_follow _builder_version=&#8221;4.16&#8243; _module_preset=&#8221;default&#8221; global_colors_info=&#8221;{}&#8221;][et_pb_social_media_follow_network social_network=&#8221;facebook&#8221; url=&#8221;https:\/\/www.facebook.com\/HotelViladoVal\/&#8221; _builder_version=&#8221;4.16&#8243; _module_preset=&#8221;default&#8221; background_color=&#8221;#3b5998&#8243; global_colors_info=&#8221;{}&#8221; follow_button=&#8221;off&#8221; url_new_window=&#8221;on&#8221;]facebook[\/et_pb_social_media_follow_network][\/et_pb_social_media_follow][et_pb_divider color=&#8221;#e2b82b&#8221; _builder_version=&#8221;4.16&#8243; global_colors_info=&#8221;{}&#8221;][\/et_pb_divider][et_pb_image src=&#8221;https:\/\/turismo.valadouro.org\/wp-content\/uploads\/2018\/08\/hotel-vila-do-val3.jpg&#8221; align_tablet=&#8221;center&#8221; align_phone=&#8221;&#8221; align_last_edited=&#8221;on|desktop&#8221; _builder_version=&#8221;4.16&#8243; box_shadow_style=&#8221;preset3&#8243; global_colors_info=&#8221;{}&#8221;]&nbsp;<br \/>\n[\/et_pb_image][\/et_pb_column][et_pb_column type=&#8221;1_2&#8243; _builder_version=&#8221;4.16&#8243; custom_padding=&#8221;|||&#8221; global_colors_info=&#8221;{}&#8221; custom_padding__hover=&#8221;|||&#8221;][et_pb_image src=&#8221;https:\/\/turismo.valadouro.org\/wp-content\/uploads\/2018\/08\/hotel-vila-do-val2.jpg&#8221; align_tablet=&#8221;center&#8221; align_phone=&#8221;&#8221; align_last_edited=&#8221;on|desktop&#8221; _builder_version=&#8221;4.16&#8243; box_shadow_style=&#8221;preset3&#8243; global_colors_info=&#8221;{}&#8221;]&nbsp;<br \/>\n[\/et_pb_image][et_pb_map address=&#8221;Plaza Sta. Mar\u00eda, 2, 27770 Valle de Oro, Lugo, Espa\u00f1a&#8221; address_lat=&#8221;43.54988059999999&#8243; address_lng=&#8221;-7.441283399999975&#8243; _builder_version=&#8221;4.16&#8243; global_colors_info=&#8221;{}&#8221;][et_pb_map_pin title=&#8221;Hotel Vila do Val &#8221; pin_address=&#8221;Plaza Sta. Mar\u00eda, 2, 27770 Valle de Oro, Lugo, Espa\u00f1a&#8221; pin_address_lat=&#8221;43.54988059999999&#8243; pin_address_lng=&#8221;-7.441283399999975&#8243; _builder_version=&#8221;3.11.1&#8243; global_colors_info=&#8221;{}&#8221;][\/et_pb_map_pin][\/et_pb_map][\/et_pb_column][\/et_pb_row][et_pb_row column_structure=&#8221;1_2,1_2&#8243; disabled_on=&#8221;off|off|off&#8221; _builder_version=&#8221;4.16&#8243; global_colors_info=&#8221;{}&#8221;][et_pb_column type=&#8221;1_2&#8243; _builder_version=&#8221;4.16&#8243; custom_padding=&#8221;|||&#8221; global_colors_info=&#8221;{}&#8221; custom_padding__hover=&#8221;|||&#8221;][et_pb_text _builder_version=&#8221;4.16&#8243; text_font=&#8221;Caudex||||||||&#8221; text_text_color=&#8221;#a06916&#8243; text_font_size=&#8221;29px&#8221; text_font_size_tablet=&#8221;&#8221; text_font_size_phone=&#8221;&#8221; text_font_size_last_edited=&#8221;on|desktop&#8221; text_letter_spacing_tablet=&#8221;&#8221; text_letter_spacing_phone=&#8221;&#8221; text_letter_spacing_last_edited=&#8221;on|desktop&#8221; global_colors_info=&#8221;{}&#8221;]<\/p>\n<div class=\"top_verde\">\n<div class=\"titulo\">\n<p>Confiter\u00eda M\u00e9ndez<\/p>\n<\/div>\n<\/div>\n<div class=\"bloque\">\n<div class=\"rollo\">\n<div class=\"spc_linea\"><\/div>\n<\/div>\n<p>&nbsp;<\/p>\n<\/div>\n<p>[\/et_pb_text][et_pb_text _builder_version=&#8221;4.16&#8243; global_colors_info=&#8221;{}&#8221;]<\/p>\n<p>R\u00faa Andr\u00e9s L\u00f3pez Palmeiro, 32<br \/> 27770 O Valadouro, (Lugo)<br \/> Tel.\u00a0\u00a0982 57 46 01<\/p>\n<p>[\/et_pb_text][et_pb_social_media_follow _builder_version=&#8221;4.16&#8243; _module_preset=&#8221;default&#8221; global_colors_info=&#8221;{}&#8221;][et_pb_social_media_follow_network social_network=&#8221;facebook&#8221; url=&#8221;https:\/\/www.facebook.com\/mendez.confiteriacafeteria&#8221; _builder_version=&#8221;4.16&#8243; _module_preset=&#8221;default&#8221; background_color=&#8221;#3b5998&#8243; global_colors_info=&#8221;{}&#8221; follow_button=&#8221;off&#8221; url_new_window=&#8221;on&#8221;]facebook[\/et_pb_social_media_follow_network][\/et_pb_social_media_follow][et_pb_divider color=&#8221;#e2b82b&#8221; _builder_version=&#8221;4.16&#8243; global_colors_info=&#8221;{}&#8221;][\/et_pb_divider][et_pb_image src=&#8221;https:\/\/turismo.valadouro.org\/wp-content\/uploads\/2018\/08\/mendez1.jpg&#8221; align_tablet=&#8221;center&#8221; align_phone=&#8221;&#8221; align_last_edited=&#8221;on|desktop&#8221; _builder_version=&#8221;4.16&#8243; box_shadow_style=&#8221;preset3&#8243; global_colors_info=&#8221;{}&#8221;]&nbsp;<br \/>\n[\/et_pb_image][\/et_pb_column][et_pb_column type=&#8221;1_2&#8243; _builder_version=&#8221;4.16&#8243; custom_padding=&#8221;|||&#8221; global_colors_info=&#8221;{}&#8221; custom_padding__hover=&#8221;|||&#8221;][et_pb_image src=&#8221;https:\/\/turismo.valadouro.org\/wp-content\/uploads\/2018\/08\/mendez2.jpg&#8221; align_tablet=&#8221;center&#8221; align_phone=&#8221;&#8221; align_last_edited=&#8221;on|desktop&#8221; _builder_version=&#8221;4.16&#8243; box_shadow_style=&#8221;preset3&#8243; global_colors_info=&#8221;{}&#8221;]&nbsp;<br \/>\n[\/et_pb_image][et_pb_map address=&#8221;R\u00faa Andr\u00e9s L\u00f3pez Palmeiro, 32, 27770 O Valadouro, Lugo, Espa\u00f1a&#8221; address_lat=&#8221;43.5512293&#8243; address_lng=&#8221;-7.4406496&#8243; _builder_version=&#8221;4.16&#8243; global_colors_info=&#8221;{}&#8221;][et_pb_map_pin title=&#8221;Confiter\u00eda M\u00e9ndez&#8221; pin_address=&#8221;R\u00faa Andr\u00e9s L\u00f3pez Palmeiro, 32, 27770 O Valadouro, Lugo, Espa\u00f1a&#8221; pin_address_lat=&#8221;43.5512293&#8243; pin_address_lng=&#8221;-7.4406496&#8243; _builder_version=&#8221;3.12.2&#8243; global_colors_info=&#8221;{}&#8221;][\/et_pb_map_pin][\/et_pb_map][\/et_pb_column][\/et_pb_row][et_pb_row column_structure=&#8221;1_2,1_2&#8243; disabled_on=&#8221;off|off|off&#8221; _builder_version=&#8221;4.16&#8243; global_colors_info=&#8221;{}&#8221;][et_pb_column type=&#8221;1_2&#8243; _builder_version=&#8221;4.16&#8243; custom_padding=&#8221;|||&#8221; global_colors_info=&#8221;{}&#8221; custom_padding__hover=&#8221;|||&#8221;][et_pb_text _builder_version=&#8221;4.16&#8243; text_font=&#8221;Caudex||||||||&#8221; text_text_color=&#8221;#a06916&#8243; text_font_size=&#8221;29px&#8221; text_font_size_tablet=&#8221;&#8221; text_font_size_phone=&#8221;&#8221; text_font_size_last_edited=&#8221;on|desktop&#8221; text_letter_spacing_tablet=&#8221;&#8221; text_letter_spacing_phone=&#8221;&#8221; text_letter_spacing_last_edited=&#8221;on|desktop&#8221; global_colors_info=&#8221;{}&#8221;]<\/p>\n<div class=\"top_verde\">\n<div class=\"titulo\">\n<p>&nbsp;<\/p>\n<\/div>\n<\/div>\n<div class=\"bloque\">\n<p>Restaurante Asturias<\/p>\n<\/div>\n<p>[\/et_pb_text][et_pb_text _builder_version=&#8221;4.16&#8243; global_colors_info=&#8221;{}&#8221;]<\/p>\n<div class=\"top_verde\">\n<div class=\"titulo\">Avenida de Viveiro, 1<br \/>O Valadouro (Lugo)<br \/>Tel. 982 574 315 &#8211; 655 965 348<\/div>\n<\/div>\n<div class=\"bloque\">\n<div class=\"rollo\">\n<div class=\"spc_linea\"><\/div>\n<\/div>\n<p>&nbsp;<\/p>\n<\/div>\n<p>[\/et_pb_text][et_pb_divider color=&#8221;#e2b82b&#8221; _builder_version=&#8221;4.16&#8243; global_colors_info=&#8221;{}&#8221;][\/et_pb_divider][et_pb_image src=&#8221;https:\/\/turismo.valadouro.org\/wp-content\/uploads\/2018\/08\/asturias1.jpg&#8221; align_tablet=&#8221;center&#8221; align_phone=&#8221;&#8221; align_last_edited=&#8221;on|desktop&#8221; _builder_version=&#8221;4.16&#8243; box_shadow_style=&#8221;preset3&#8243; global_colors_info=&#8221;{}&#8221;]&nbsp;<br \/>\n[\/et_pb_image][\/et_pb_column][et_pb_column type=&#8221;1_2&#8243; _builder_version=&#8221;4.16&#8243; custom_padding=&#8221;|||&#8221; global_colors_info=&#8221;{}&#8221; custom_padding__hover=&#8221;|||&#8221;][et_pb_image src=&#8221;https:\/\/turismo.valadouro.org\/wp-content\/uploads\/2018\/08\/asturias2.jpg&#8221; align_tablet=&#8221;center&#8221; align_phone=&#8221;&#8221; align_last_edited=&#8221;on|desktop&#8221; _builder_version=&#8221;4.16&#8243; box_shadow_style=&#8221;preset3&#8243; global_colors_info=&#8221;{}&#8221;]&nbsp;<br \/>\n[\/et_pb_image][et_pb_map address=&#8221;Av. de Viveiro, 1, 27770 O Valadouro, Lugo, Espa\u00f1a&#8221; address_lat=&#8221;43.5517627&#8243; address_lng=&#8221;-7.4410301&#8243; _builder_version=&#8221;4.16&#8243; global_colors_info=&#8221;{}&#8221;][et_pb_map_pin title=&#8221;Restaurante Asturias&#8221; pin_address=&#8221;Av. de Viveiro, 1, 27770 O Valadouro, Lugo, Espa\u00f1a&#8221; pin_address_lat=&#8221;43.5517627&#8243; pin_address_lng=&#8221;-7.4410301&#8243; _builder_version=&#8221;3.12.2&#8243; global_colors_info=&#8221;{}&#8221;][\/et_pb_map_pin][\/et_pb_map][\/et_pb_column][\/et_pb_row][et_pb_row column_structure=&#8221;1_2,1_2&#8243; disabled_on=&#8221;off|off|off&#8221; _builder_version=&#8221;4.16&#8243; global_colors_info=&#8221;{}&#8221;][et_pb_column type=&#8221;1_2&#8243; _builder_version=&#8221;4.16&#8243; custom_padding=&#8221;|||&#8221; global_colors_info=&#8221;{}&#8221; custom_padding__hover=&#8221;|||&#8221;][et_pb_text _builder_version=&#8221;4.16&#8243; text_font=&#8221;Caudex||||||||&#8221; text_text_color=&#8221;#a06916&#8243; text_font_size=&#8221;29px&#8221; text_font_size_tablet=&#8221;&#8221; text_font_size_phone=&#8221;&#8221; text_font_size_last_edited=&#8221;on|desktop&#8221; text_letter_spacing_tablet=&#8221;&#8221; text_letter_spacing_phone=&#8221;&#8221; text_letter_spacing_last_edited=&#8221;on|desktop&#8221; global_colors_info=&#8221;{}&#8221;]<\/p>\n<div class=\"top_verde\">\n<div class=\"titulo\">\n<p>&nbsp;<\/p>\n<\/div>\n<\/div>\n<div class=\"bloque\">\n<p>Adega<\/p>\n<\/div>\n<p>[\/et_pb_text][et_pb_text _builder_version=&#8221;4.16&#8243; global_colors_info=&#8221;{}&#8221;]<\/p>\n<p>Pza. Santa Mar\u00eda, 10 bajo<br \/>27770 &#8211;\u00a0O Valadouro\u00a0(Lugo)<br \/>Tel. 691 420 365<\/p>\n<p>[\/et_pb_text][et_pb_divider color=&#8221;#e2b82b&#8221; _builder_version=&#8221;4.16&#8243; global_colors_info=&#8221;{}&#8221;][\/et_pb_divider][et_pb_image src=&#8221;https:\/\/turismo.valadouro.gal\/wp-content\/uploads\/2021\/09\/Adega-2-1.jpg&#8221; title_text=&#8221;Adega 2&#8243; align_tablet=&#8221;center&#8221; align_phone=&#8221;&#8221; align_last_edited=&#8221;on|desktop&#8221; _builder_version=&#8221;4.16&#8243; box_shadow_style=&#8221;preset3&#8243; global_colors_info=&#8221;{}&#8221;]&nbsp;<br \/>\n[\/et_pb_image][\/et_pb_column][et_pb_column type=&#8221;1_2&#8243; _builder_version=&#8221;4.16&#8243; custom_padding=&#8221;|||&#8221; global_colors_info=&#8221;{}&#8221; custom_padding__hover=&#8221;|||&#8221;][et_pb_image src=&#8221;https:\/\/turismo.valadouro.gal\/wp-content\/uploads\/2021\/09\/Adega-3.jpg&#8221; title_text=&#8221;Adega&#8221; align_tablet=&#8221;center&#8221; align_phone=&#8221;&#8221; align_last_edited=&#8221;on|desktop&#8221; _builder_version=&#8221;4.16&#8243; box_shadow_style=&#8221;preset3&#8243; global_colors_info=&#8221;{}&#8221;]&nbsp;<br \/>\n[\/et_pb_image][et_pb_map address=&#8221;Plaza Sta. Mar\u00eda, 10, 27770 Valle de Oro, Lugo, Espa\u00f1a&#8221; address_lat=&#8221;43.55046&#8243; address_lng=&#8221;-7.4409004&#8243; _builder_version=&#8221;4.16&#8243; global_colors_info=&#8221;{}&#8221;][et_pb_map_pin title=&#8221;Adega&#8221; pin_address=&#8221;Plaza Sta. Mar\u00eda, 10, 27770 Valle de Oro, Lugo, Espa\u00f1a&#8221; pin_address_lat=&#8221;43.55046&#8243; pin_address_lng=&#8221;-7.4409004&#8243; _builder_version=&#8221;4.10.5&#8243; global_colors_info=&#8221;{}&#8221;][\/et_pb_map_pin][\/et_pb_map][\/et_pb_column][\/et_pb_row][et_pb_row column_structure=&#8221;1_2,1_2&#8243; disabled_on=&#8221;off|off|off&#8221; _builder_version=&#8221;4.16&#8243; global_colors_info=&#8221;{}&#8221;][et_pb_column type=&#8221;1_2&#8243; _builder_version=&#8221;4.16&#8243; custom_padding=&#8221;|||&#8221; global_colors_info=&#8221;{}&#8221; custom_padding__hover=&#8221;|||&#8221;][et_pb_text _builder_version=&#8221;4.16&#8243; text_font=&#8221;Caudex||||||||&#8221; text_text_color=&#8221;#a06916&#8243; text_font_size=&#8221;29px&#8221; text_font_size_tablet=&#8221;&#8221; text_font_size_phone=&#8221;&#8221; text_font_size_last_edited=&#8221;on|desktop&#8221; text_letter_spacing_tablet=&#8221;&#8221; text_letter_spacing_phone=&#8221;&#8221; text_letter_spacing_last_edited=&#8221;on|desktop&#8221; global_colors_info=&#8221;{}&#8221;]<\/p>\n<div class=\"top_verde\">\n<div class=\"titulo\">\n<p>&nbsp;<\/p>\n<\/div>\n<\/div>\n<div class=\"bloque\">\n<p>Caf\u00e9-Bar Colorao<\/p>\n<\/div>\n<p>[\/et_pb_text][et_pb_text _builder_version=&#8221;4.16&#8243; global_colors_info=&#8221;{}&#8221;]<\/p>\n<p>Avenida da Veiga, 18 baixo<br \/>27770 &#8211;\u00a0O Valadouro\u00a0(Lugo)<br \/>Tel. 982 574 473<\/p>\n<p>[\/et_pb_text][et_pb_social_media_follow _builder_version=&#8221;4.16&#8243; _module_preset=&#8221;default&#8221; global_colors_info=&#8221;{}&#8221;][et_pb_social_media_follow_network social_network=&#8221;facebook&#8221; url=&#8221;https:\/\/www.facebook.com\/CafeBarColorao\/&#8221; _builder_version=&#8221;4.16&#8243; _module_preset=&#8221;default&#8221; background_color=&#8221;#3b5998&#8243; global_colors_info=&#8221;{}&#8221; follow_button=&#8221;off&#8221; url_new_window=&#8221;on&#8221;]facebook[\/et_pb_social_media_follow_network][\/et_pb_social_media_follow][et_pb_divider color=&#8221;#e2b82b&#8221; _builder_version=&#8221;4.16&#8243; global_colors_info=&#8221;{}&#8221;][\/et_pb_divider][et_pb_image src=&#8221;https:\/\/turismo.valadouro.gal\/wp-content\/uploads\/2021\/09\/Colorao-2-1.jpg&#8221; title_text=&#8221;Colorao 2&#8243; align_tablet=&#8221;center&#8221; align_phone=&#8221;&#8221; align_last_edited=&#8221;on|desktop&#8221; _builder_version=&#8221;4.16&#8243; box_shadow_style=&#8221;preset3&#8243; global_colors_info=&#8221;{}&#8221;]&nbsp;<br \/>\n[\/et_pb_image][\/et_pb_column][et_pb_column type=&#8221;1_2&#8243; _builder_version=&#8221;4.16&#8243; custom_padding=&#8221;|||&#8221; global_colors_info=&#8221;{}&#8221; custom_padding__hover=&#8221;|||&#8221;][et_pb_image src=&#8221;https:\/\/turismo.valadouro.gal\/wp-content\/uploads\/2021\/09\/Colorao-1.jpg&#8221; title_text=&#8221;Colorao&#8221; align_tablet=&#8221;center&#8221; align_phone=&#8221;&#8221; align_last_edited=&#8221;on|desktop&#8221; _builder_version=&#8221;4.16&#8243; box_shadow_style=&#8221;preset3&#8243; global_colors_info=&#8221;{}&#8221;]&nbsp;<br \/>\n[\/et_pb_image][et_pb_map address=&#8221;Av. da Veiga, 18, 27770 Valle de Oro, Lugo, Espa\u00f1a&#8221; address_lat=&#8221;43.54975&#8243; address_lng=&#8221;-7.44223&#8243; _builder_version=&#8221;4.16&#8243; global_colors_info=&#8221;{}&#8221;][et_pb_map_pin title=&#8221;Caf\u00e9-Bar Colorao&#8221; pin_address=&#8221;Av. da Veiga, 18, 27770 Valle de Oro, Lugo, Espa\u00f1a&#8221; pin_address_lat=&#8221;43.54975&#8243; pin_address_lng=&#8221;-7.44223&#8243; _builder_version=&#8221;4.10.5&#8243; global_colors_info=&#8221;{}&#8221;][\/et_pb_map_pin][\/et_pb_map][\/et_pb_column][\/et_pb_row][et_pb_row column_structure=&#8221;1_2,1_2&#8243; disabled_on=&#8221;off|off|off&#8221; _builder_version=&#8221;4.16&#8243; global_colors_info=&#8221;{}&#8221;][et_pb_column type=&#8221;1_2&#8243; _builder_version=&#8221;4.16&#8243; custom_padding=&#8221;|||&#8221; global_colors_info=&#8221;{}&#8221; custom_padding__hover=&#8221;|||&#8221;][et_pb_text _builder_version=&#8221;4.16&#8243; text_font=&#8221;Caudex||||||||&#8221; text_text_color=&#8221;#a06916&#8243; text_font_size=&#8221;29px&#8221; text_font_size_tablet=&#8221;&#8221; text_font_size_phone=&#8221;&#8221; text_font_size_last_edited=&#8221;on|desktop&#8221; text_letter_spacing_tablet=&#8221;&#8221; text_letter_spacing_phone=&#8221;&#8221; text_letter_spacing_last_edited=&#8221;on|desktop&#8221; global_colors_info=&#8221;{}&#8221;]<\/p>\n<div class=\"top_verde\">\n<div class=\"titulo\">\n<p>&nbsp;<\/p>\n<\/div>\n<\/div>\n<div class=\"bloque\">\n<p>De Jacinto Bar<\/p>\n<\/div>\n<p>[\/et_pb_text][et_pb_text _builder_version=&#8221;4.16&#8243; global_colors_info=&#8221;{}&#8221;]<\/p>\n<p>Jos\u00e9 Antonio Ferreiro Gonz\u00e1lez, 8 baixo<br \/>27770 &#8211;\u00a0O Valadouro\u00a0(Lugo)<br \/>Tel. 669 873 568<\/p>\n<p>[\/et_pb_text][et_pb_divider color=&#8221;#e2b82b&#8221; _builder_version=&#8221;4.16&#8243; global_colors_info=&#8221;{}&#8221;][\/et_pb_divider][et_pb_map address=&#8221;R\u00faa Jos\u00e9 Antonio Ferreiro Gonz\u00e1lez, 8, 27770 O Valadouro, Lugo, Espa\u00f1a&#8221; address_lat=&#8221;43.55207&#8243; address_lng=&#8221;-7.4422711&#8243; _builder_version=&#8221;4.16&#8243; _module_preset=&#8221;default&#8221; global_colors_info=&#8221;{}&#8221;][et_pb_map_pin title=&#8221;De Jacinto Bar&#8221; pin_address=&#8221;R\u00faa Jos\u00e9 Antonio Ferreiro Gonz\u00e1lez, 8, 27770 O Valadouro, Lugo, Espa\u00f1a&#8221; pin_address_lat=&#8221;43.55207&#8243; pin_address_lng=&#8221;-7.4422711&#8243; _builder_version=&#8221;4.10.5&#8243; _module_preset=&#8221;default&#8221; global_colors_info=&#8221;{}&#8221;][\/et_pb_map_pin][\/et_pb_map][\/et_pb_column][et_pb_column type=&#8221;1_2&#8243; _builder_version=&#8221;4.16&#8243; custom_padding=&#8221;|||&#8221; global_colors_info=&#8221;{}&#8221; custom_padding__hover=&#8221;|||&#8221;][et_pb_image src=&#8221;https:\/\/turismo.valadouro.gal\/wp-content\/uploads\/2021\/09\/Jacinto-1.jpg&#8221; title_text=&#8221;Jacinto&#8221; align_tablet=&#8221;center&#8221; align_phone=&#8221;&#8221; align_last_edited=&#8221;on|desktop&#8221; _builder_version=&#8221;4.16&#8243; box_shadow_style=&#8221;preset3&#8243; global_colors_info=&#8221;{}&#8221;]&nbsp;<br \/>\n[\/et_pb_image][\/et_pb_column][\/et_pb_row][et_pb_row column_structure=&#8221;1_2,1_2&#8243; disabled_on=&#8221;off|off|off&#8221; _builder_version=&#8221;4.16&#8243; global_colors_info=&#8221;{}&#8221;][et_pb_column type=&#8221;1_2&#8243; _builder_version=&#8221;4.16&#8243; custom_padding=&#8221;|||&#8221; global_colors_info=&#8221;{}&#8221; custom_padding__hover=&#8221;|||&#8221;][et_pb_text _builder_version=&#8221;4.16&#8243; text_font=&#8221;Caudex||||||||&#8221; text_text_color=&#8221;#a06916&#8243; text_font_size=&#8221;29px&#8221; text_font_size_tablet=&#8221;&#8221; text_font_size_phone=&#8221;&#8221; text_font_size_last_edited=&#8221;on|desktop&#8221; text_letter_spacing_tablet=&#8221;&#8221; text_letter_spacing_phone=&#8221;&#8221; text_letter_spacing_last_edited=&#8221;on|desktop&#8221; global_colors_info=&#8221;{}&#8221;]<\/p>\n<div class=\"top_verde\">\n<div class=\"titulo\">\n<p>&nbsp;<\/p>\n<\/div>\n<\/div>\n<div class=\"bloque\">\n<p>Pub Atalaia<\/p>\n<\/div>\n<p>[\/et_pb_text][et_pb_text _builder_version=&#8221;4.16&#8243; global_colors_info=&#8221;{}&#8221;]<\/p>\n<p>Avenida Rosalia de Castro, 2<br \/>27770 &#8211;\u00a0O Valadouro\u00a0(Lugo)<br \/>Tel. 691 420 365<\/p>\n<p>[\/et_pb_text][et_pb_social_media_follow _builder_version=&#8221;4.16&#8243; _module_preset=&#8221;default&#8221; global_colors_info=&#8221;{}&#8221;][et_pb_social_media_follow_network social_network=&#8221;facebook&#8221; url=&#8221;https:\/\/www.facebook.com\/atalaia.valadouro.7&#8243; _builder_version=&#8221;4.16&#8243; _module_preset=&#8221;default&#8221; background_color=&#8221;#3b5998&#8243; global_colors_info=&#8221;{}&#8221; follow_button=&#8221;off&#8221; url_new_window=&#8221;on&#8221;]facebook[\/et_pb_social_media_follow_network][\/et_pb_social_media_follow][et_pb_divider color=&#8221;#e2b82b&#8221; _builder_version=&#8221;4.16&#8243; global_colors_info=&#8221;{}&#8221;][\/et_pb_divider][et_pb_image src=&#8221;https:\/\/turismo.valadouro.gal\/wp-content\/uploads\/2021\/09\/Atalaia-2-1.jpg&#8221; title_text=&#8221;Atalaia 2&#8243; _builder_version=&#8221;4.16&#8243; _module_preset=&#8221;default&#8221; global_colors_info=&#8221;{}&#8221;][\/et_pb_image][\/et_pb_column][et_pb_column type=&#8221;1_2&#8243; _builder_version=&#8221;4.16&#8243; custom_padding=&#8221;|||&#8221; global_colors_info=&#8221;{}&#8221; custom_padding__hover=&#8221;|||&#8221;][et_pb_image src=&#8221;https:\/\/turismo.valadouro.gal\/wp-content\/uploads\/2021\/09\/Atalaia-1.jpg&#8221; title_text=&#8221;Atalaia&#8221; align_tablet=&#8221;center&#8221; align_phone=&#8221;&#8221; align_last_edited=&#8221;on|desktop&#8221; _builder_version=&#8221;4.16&#8243; box_shadow_style=&#8221;preset3&#8243; global_colors_info=&#8221;{}&#8221;]&nbsp;<br \/>\n[\/et_pb_image][et_pb_map address=&#8221;Av. Rosal\u00eda de Castro, 2, 27770 Valle de Oro, Lugo, Espa\u00f1a&#8221; address_lat=&#8221;43.5489156&#8243; address_lng=&#8221;-7.4414736&#8243; _builder_version=&#8221;4.16&#8243; _module_preset=&#8221;default&#8221; global_colors_info=&#8221;{}&#8221;][et_pb_map_pin title=&#8221;Pub Atalaia&#8221; pin_address=&#8221;Av. Rosal\u00eda de Castro, 2, 27770 Valle de Oro, Lugo, Espa\u00f1a&#8221; pin_address_lat=&#8221;43.5489156&#8243; pin_address_lng=&#8221;-7.4414736&#8243; _builder_version=&#8221;4.10.5&#8243; _module_preset=&#8221;default&#8221; global_colors_info=&#8221;{}&#8221;][\/et_pb_map_pin][\/et_pb_map][\/et_pb_column][\/et_pb_row][\/et_pb_section][et_pb_section fb_built=&#8221;1&#8243; _builder_version=&#8221;4.16&#8243; _module_preset=&#8221;default&#8221; global_colors_info=&#8221;{}&#8221;][et_pb_row _builder_version=&#8221;4.16&#8243; _module_preset=&#8221;default&#8221; global_colors_info=&#8221;{}&#8221;][et_pb_column type=&#8221;4_4&#8243; _builder_version=&#8221;4.16&#8243; _module_preset=&#8221;default&#8221; global_colors_info=&#8221;{}&#8221;][et_pb_social_media_follow _builder_version=&#8221;4.10.5&#8243; text_orientation=&#8221;center&#8221; global_module=&#8221;1242&#8243; global_colors_info=&#8221;{}&#8221;][et_pb_social_media_follow_network social_network=&#8221;facebook&#8221; url=&#8221;https:\/\/es-es.facebook.com\/concellodovaladouro\/&#8221; _builder_version=&#8221;4.16&#8243; background_color=&#8221;#3b5998&#8243; global_colors_info=&#8221;{}&#8221; follow_button=&#8221;off&#8221; url_new_window=&#8221;on&#8221;]facebook[\/et_pb_social_media_follow_network][et_pb_social_media_follow_network social_network=&#8221;youtube&#8221; url=&#8221;https:\/\/www.youtube.com\/channel\/UCM4sdt5hbHpJBK9Z9Z3VFkw&#8221; _builder_version=&#8221;4.16&#8243; background_color=&#8221;#a82400&#8243; global_colors_info=&#8221;{}&#8221; follow_button=&#8221;off&#8221; url_new_window=&#8221;on&#8221;]youtube[\/et_pb_social_media_follow_network][et_pb_social_media_follow_network social_network=&#8221;instagram&#8221; url=&#8221;https:\/\/www.instagram.com\/concellodovaladouro\/?hl=es&#8221; _builder_version=&#8221;4.16&#8243; _module_preset=&#8221;default&#8221; background_color=&#8221;#ea2c59&#8243; global_colors_info=&#8221;{}&#8221; follow_button=&#8221;off&#8221; url_new_window=&#8221;on&#8221;]instagram[\/et_pb_social_media_follow_network][\/et_pb_social_media_follow][\/et_pb_column][\/et_pb_row][\/et_pb_section][et_pb_section fb_built=&#8221;1&#8243; _builder_version=&#8221;3.22&#8243; custom_padding=&#8221;0|0px|0|0px|false|false&#8221; global_module=&#8221;1406&#8243; global_colors_info=&#8221;{}&#8221;][et_pb_row column_structure=&#8221;1_8,1_8,1_8,1_8,1_8,1_8,1_8,1_8&#8243; use_custom_gutter=&#8221;on&#8221; _builder_version=&#8221;4.16&#8243; max_width=&#8221;1546px&#8221; use_custom_width=&#8221;on&#8221; custom_width_px=&#8221;1546px&#8221; global_colors_info=&#8221;{}&#8221;][et_pb_column type=&#8221;1_8&#8243; _builder_version=&#8221;4.16&#8243; custom_padding=&#8221;|||&#8221; global_colors_info=&#8221;{}&#8221; custom_padding__hover=&#8221;|||&#8221;][et_pb_blurb title=&#8221;Concello&#8221; url=&#8221;https:\/\/www.valadouro.gal\/inicio\/&#8221; image=&#8221;https:\/\/turismo.valadouro.org\/wp-content\/uploads\/2018\/08\/concello.png&#8221; image_icon_width=&#8221;69%&#8221; _builder_version=&#8221;4.16&#8243; text_orientation=&#8221;center&#8221; filter_hue_rotate=&#8221;128deg&#8221; filter_saturate=&#8221;51%&#8221; filter_invert=&#8221;62%&#8221; image_max_width=&#8221;69%&#8221; global_colors_info=&#8221;{}&#8221;][\/et_pb_blurb][\/et_pb_column][et_pb_column type=&#8221;1_8&#8243; _builder_version=&#8221;4.16&#8243; custom_padding=&#8221;|||&#8221; global_colors_info=&#8221;{}&#8221; custom_padding__hover=&#8221;|||&#8221;][et_pb_blurb title=&#8221;Onde Informarse&#8221; url=&#8221;https:\/\/turismo.valadouro.gal\/gl\/onde-informarse\/&#8221; image=&#8221;https:\/\/turismo.valadouro.gal\/wp-content\/uploads\/2021\/09\/donde-informarse.png&#8221; image_icon_width=&#8221;69%&#8221; _builder_version=&#8221;4.16&#8243; text_orientation=&#8221;center&#8221; filter_hue_rotate=&#8221;128deg&#8221; filter_saturate=&#8221;51%&#8221; filter_invert=&#8221;62%&#8221; image_max_width=&#8221;69%&#8221; global_colors_info=&#8221;{}&#8221;][\/et_pb_blurb][\/et_pb_column][et_pb_column type=&#8221;1_8&#8243; _builder_version=&#8221;4.16&#8243; custom_padding=&#8221;|||&#8221; global_colors_info=&#8221;{}&#8221; custom_padding__hover=&#8221;|||&#8221;][et_pb_blurb title=&#8221;Festas&#8221; url=&#8221;https:\/\/turismo.valadouro.gal\/gl\/festas\/&#8221; image=&#8221;https:\/\/turismo.valadouro.org\/wp-content\/uploads\/2018\/08\/fiestas.png&#8221; image_icon_width=&#8221;69%&#8221; _builder_version=&#8221;4.16&#8243; text_orientation=&#8221;center&#8221; filter_hue_rotate=&#8221;128deg&#8221; filter_saturate=&#8221;51%&#8221; filter_invert=&#8221;62%&#8221; image_max_width=&#8221;69%&#8221; global_colors_info=&#8221;{}&#8221;][\/et_pb_blurb][\/et_pb_column][et_pb_column type=&#8221;1_8&#8243; _builder_version=&#8221;4.16&#8243; custom_padding=&#8221;|||&#8221; global_colors_info=&#8221;{}&#8221; custom_padding__hover=&#8221;|||&#8221;][et_pb_blurb title=&#8221;Restauraci\u00f3n&#8221; url=&#8221;https:\/\/turismo.valadouro.gal\/gl\/restauracion\/&#8221; image=&#8221;https:\/\/turismo.valadouro.org\/wp-content\/uploads\/2018\/08\/restauracion.png&#8221; image_icon_width=&#8221;69%&#8221; _builder_version=&#8221;4.16&#8243; text_orientation=&#8221;center&#8221; filter_hue_rotate=&#8221;128deg&#8221; filter_saturate=&#8221;51%&#8221; filter_invert=&#8221;62%&#8221; image_max_width=&#8221;69%&#8221; global_colors_info=&#8221;{}&#8221;][\/et_pb_blurb][\/et_pb_column][et_pb_column type=&#8221;1_8&#8243; _builder_version=&#8221;4.16&#8243; custom_padding=&#8221;|||&#8221; global_colors_info=&#8221;{}&#8221; custom_padding__hover=&#8221;|||&#8221;][et_pb_blurb title=&#8221;Aloxamento&#8221; url=&#8221;https:\/\/turismo.valadouro.gal\/gl\/aloxamento\/&#8221; image=&#8221;https:\/\/turismo.valadouro.org\/wp-content\/uploads\/2018\/08\/alojanientos.png&#8221; image_icon_width=&#8221;69%&#8221; _builder_version=&#8221;4.16&#8243; text_orientation=&#8221;center&#8221; filter_hue_rotate=&#8221;128deg&#8221; filter_saturate=&#8221;51%&#8221; filter_invert=&#8221;62%&#8221; image_max_width=&#8221;69%&#8221; global_colors_info=&#8221;{}&#8221;][\/et_pb_blurb][\/et_pb_column][et_pb_column type=&#8221;1_8&#8243; _builder_version=&#8221;4.16&#8243; custom_padding=&#8221;|||&#8221; global_colors_info=&#8221;{}&#8221; custom_padding__hover=&#8221;|||&#8221;][et_pb_blurb title=&#8221;Senderismo&#8221; url=&#8221;https:\/\/es.wikiloc.com\/wikiloc\/user.do?id=8370125&#8243; url_new_window=&#8221;on&#8221; image=&#8221;https:\/\/turismo.valadouro.org\/wp-content\/uploads\/2018\/08\/senderismo.png&#8221; image_icon_width=&#8221;69%&#8221; _builder_version=&#8221;4.16&#8243; text_orientation=&#8221;center&#8221; filter_hue_rotate=&#8221;128deg&#8221; filter_saturate=&#8221;51%&#8221; filter_invert=&#8221;62%&#8221; image_max_width=&#8221;69%&#8221; global_colors_info=&#8221;{}&#8221;][\/et_pb_blurb][\/et_pb_column][et_pb_column type=&#8221;1_8&#8243; _builder_version=&#8221;4.16&#8243; custom_padding=&#8221;|||&#8221; global_colors_info=&#8221;{}&#8221; custom_padding__hover=&#8221;|||&#8221;][et_pb_blurb title=&#8221;Rueiro&#8221; url=&#8221;https:\/\/turismo.valadouro.gal\/gl\/rueiro\/&#8221; image=&#8221;https:\/\/turismo.valadouro.org\/wp-content\/uploads\/2018\/08\/historia2.png&#8221; image_icon_width=&#8221;69%&#8221; _builder_version=&#8221;4.16&#8243; text_orientation=&#8221;center&#8221; filter_hue_rotate=&#8221;128deg&#8221; filter_saturate=&#8221;51%&#8221; filter_invert=&#8221;62%&#8221; image_max_width=&#8221;69%&#8221; global_colors_info=&#8221;{}&#8221;][\/et_pb_blurb][\/et_pb_column][et_pb_column type=&#8221;1_8&#8243; _builder_version=&#8221;4.16&#8243; custom_padding=&#8221;|||&#8221; global_colors_info=&#8221;{}&#8221; custom_padding__hover=&#8221;|||&#8221;][et_pb_blurb title=&#8221;Mapa Gis&#8221; url=&#8221;https:\/\/valadouro.gal\/GIS&#8221; image=&#8221;https:\/\/turismo.valadouro.org\/wp-content\/uploads\/2018\/08\/gis.png&#8221; image_icon_width=&#8221;69%&#8221; _builder_version=&#8221;4.16&#8243; text_orientation=&#8221;center&#8221; filter_hue_rotate=&#8221;128deg&#8221; filter_saturate=&#8221;51%&#8221; filter_invert=&#8221;62%&#8221; image_max_width=&#8221;69%&#8221; global_colors_info=&#8221;{}&#8221;][\/et_pb_blurb][\/et_pb_column][\/et_pb_row][et_pb_row column_structure=&#8221;1_6,1_6,1_6,1_6,1_6,1_6&#8243; use_custom_gutter=&#8221;on&#8221; _builder_version=&#8221;4.16&#8243; max_width=&#8221;1546px&#8221; use_custom_width=&#8221;on&#8221; custom_width_px=&#8221;1546px&#8221; global_colors_info=&#8221;{}&#8221;][et_pb_column type=&#8221;1_6&#8243; _builder_version=&#8221;4.16&#8243; custom_padding=&#8221;|||&#8221; global_colors_info=&#8221;{}&#8221; custom_padding__hover=&#8221;|||&#8221;][et_pb_blurb title=&#8221; Un Destino 4 Estaci\u00f3ns&#8221; url=&#8221;https:\/\/turismo.valadouro.gal\/gl\/&#8221; image=&#8221;https:\/\/turismo.valadouro.org\/wp-content\/uploads\/2018\/08\/vive1.png&#8221; image_icon_width=&#8221;69%&#8221; _builder_version=&#8221;4.16&#8243; text_orientation=&#8221;center&#8221; filter_hue_rotate=&#8221;128deg&#8221; filter_saturate=&#8221;51%&#8221; filter_invert=&#8221;62%&#8221; image_max_width=&#8221;69%&#8221; global_colors_info=&#8221;{}&#8221;][\/et_pb_blurb][\/et_pb_column][et_pb_column type=&#8221;1_6&#8243; _builder_version=&#8221;4.16&#8243; custom_padding=&#8221;|||&#8221; global_colors_info=&#8221;{}&#8221; custom_padding__hover=&#8221;|||&#8221;][et_pb_blurb title=&#8221;Natureza&#8221; url=&#8221;https:\/\/turismo.valadouro.gal\/gl\/natureza\/&#8221; image=&#8221;https:\/\/turismo.valadouro.gal\/wp-content\/uploads\/2021\/09\/naturaleza.png&#8221; image_icon_width=&#8221;69%&#8221; _builder_version=&#8221;4.16&#8243; text_orientation=&#8221;center&#8221; filter_hue_rotate=&#8221;128deg&#8221; filter_saturate=&#8221;51%&#8221; filter_invert=&#8221;62%&#8221; image_max_width=&#8221;69%&#8221; global_colors_info=&#8221;{}&#8221;][\/et_pb_blurb][\/et_pb_column][et_pb_column type=&#8221;1_6&#8243; _builder_version=&#8221;4.16&#8243; custom_padding=&#8221;|||&#8221; global_colors_info=&#8221;{}&#8221; custom_padding__hover=&#8221;|||&#8221;][et_pb_blurb title=&#8221;Igrexas e pazos&#8221; url=&#8221;https:\/\/turismo.valadouro.gal\/gl\/igrexas-e-pazos\/&#8221; image=&#8221;https:\/\/turismo.valadouro.gal\/wp-content\/uploads\/2021\/09\/iglesia.png&#8221; image_icon_width=&#8221;69%&#8221; _builder_version=&#8221;4.16&#8243; text_orientation=&#8221;center&#8221; filter_hue_rotate=&#8221;128deg&#8221; filter_saturate=&#8221;51%&#8221; filter_invert=&#8221;62%&#8221; image_max_width=&#8221;69%&#8221; global_colors_info=&#8221;{}&#8221;][\/et_pb_blurb][\/et_pb_column][et_pb_column type=&#8221;1_6&#8243; _builder_version=&#8221;4.16&#8243; custom_padding=&#8221;|||&#8221; global_colors_info=&#8221;{}&#8221; custom_padding__hover=&#8221;|||&#8221;][et_pb_blurb title=&#8221;Museo&#8221; url=&#8221;https:\/\/turismo.valadouro.gal\/gl\/museo\/&#8221; image=&#8221;https:\/\/turismo.valadouro.gal\/wp-content\/uploads\/2021\/09\/museo-1.png&#8221; image_icon_width=&#8221;69%&#8221; _builder_version=&#8221;4.16&#8243; text_orientation=&#8221;center&#8221; filter_hue_rotate=&#8221;128deg&#8221; filter_saturate=&#8221;51%&#8221; filter_invert=&#8221;62%&#8221; image_max_width=&#8221;69%&#8221; global_colors_info=&#8221;{}&#8221;][\/et_pb_blurb][\/et_pb_column][et_pb_column type=&#8221;1_6&#8243; _builder_version=&#8221;4.16&#8243; custom_padding=&#8221;|||&#8221; global_colors_info=&#8221;{}&#8221; custom_padding__hover=&#8221;|||&#8221;][et_pb_blurb title=&#8221;Cultura&#8221; url=&#8221;https:\/\/turismo.valadouro.gal\/gl\/patrimonio-cultural\/&#8221; image=&#8221;https:\/\/turismo.valadouro.gal\/wp-content\/uploads\/2021\/09\/cultura.png&#8221; image_icon_width=&#8221;69%&#8221; _builder_version=&#8221;4.16&#8243; text_orientation=&#8221;center&#8221; filter_hue_rotate=&#8221;128deg&#8221; filter_saturate=&#8221;51%&#8221; filter_invert=&#8221;62%&#8221; image_max_width=&#8221;69%&#8221; global_colors_info=&#8221;{}&#8221;][\/et_pb_blurb][\/et_pb_column][et_pb_column type=&#8221;1_6&#8243; _builder_version=&#8221;4.16&#8243; custom_padding=&#8221;|||&#8221; global_colors_info=&#8221;{}&#8221; custom_padding__hover=&#8221;|||&#8221;][et_pb_blurb title=&#8221;Historia&#8221; url=&#8221;https:\/\/turismo.valadouro.gal\/gl\/historia\/&#8221; image=&#8221;https:\/\/turismo.valadouro.gal\/wp-content\/uploads\/2021\/09\/historia.png&#8221; image_icon_width=&#8221;69%&#8221; _builder_version=&#8221;4.16&#8243; text_orientation=&#8221;center&#8221; filter_hue_rotate=&#8221;128deg&#8221; filter_saturate=&#8221;51%&#8221; filter_invert=&#8221;62%&#8221; image_max_width=&#8221;69%&#8221; global_colors_info=&#8221;{}&#8221;][\/et_pb_blurb][\/et_pb_column][\/et_pb_row][\/et_pb_section][et_pb_section fb_built=&#8221;1&#8243; admin_label=&#8221;Hero&#8221; _builder_version=&#8221;4.16&#8243; background_color_gradient_direction=&#8221;70deg&#8221; background_size=&#8221;initial&#8221; background_video_height=&#8221;1080&#8243; custom_margin=&#8221;||0%|&#8221; custom_padding=&#8221;0||0||false|false&#8221; top_divider_color=&#8221;rgba(42,81,12,0.65)&#8221; top_divider_height=&#8221;145px&#8221; top_divider_arrangement=&#8221;above_content&#8221; bottom_divider_style=&#8221;curve2&#8243; bottom_divider_color=&#8221;#415905&#8243; bottom_divider_height=&#8221;14vw&#8221; bottom_divider_repeat=&#8221;0.5x&#8221; bottom_divider_flip=&#8221;horizontal&#8221; global_colors_info=&#8221;{}&#8221;][et_pb_row _builder_version=&#8221;4.16&#8243; custom_margin=&#8221;|||&#8221; custom_padding=&#8221;0|0px|100px|0px|false|false&#8221; global_colors_info=&#8221;{}&#8221;][et_pb_column type=&#8221;4_4&#8243; _builder_version=&#8221;4.16&#8243; custom_padding=&#8221;|||&#8221; global_colors_info=&#8221;{}&#8221; custom_padding__hover=&#8221;|||&#8221;][et_pb_image src=&#8221;https:\/\/turismo.valadouro.org\/wp-content\/uploads\/2018\/09\/logo-o-valadouro.png&#8221; align=&#8221;center&#8221; align_tablet=&#8221;center&#8221; align_phone=&#8221;&#8221; align_last_edited=&#8221;on|desktop&#8221; _builder_version=&#8221;4.16&#8243; max_width=&#8221;23%&#8221; global_colors_info=&#8221;{}&#8221;]&nbsp;<br \/>\n[\/et_pb_image][\/et_pb_column][\/et_pb_row][\/et_pb_section]<\/p>\n","protected":false},"excerpt":{"rendered":"<p>Restauraci\u00f3n Parrillada A Roda &nbsp; Avenida da Diputaci\u00f3n, 1Ferreira do Valadouro (Lugo)Tel. 620 229 304 &nbsp; &nbsp; &nbsp; Avenida de Viveiro, 7O Valadouro (Lugo)Tel.\u00a0982 57 41 39www.onovo.esinfo@onovo.es Servicio de restaurante para grupos. Raciones variadas. &nbsp; &nbsp; leRESTAURANTE Plaza de Santa Mar\u00eda, 2Ferreira do Valadouro (Lugo)Tel. 669 806 446www.hotelviladoval.cominfo@hotelviladoval.com Cocina gallega casera. Comida para comer en [&hellip;]<\/p>\n","protected":false},"author":3,"featured_media":0,"parent":0,"menu_order":0,"comment_status":"closed","ping_status":"closed","template":"","meta":{"_et_pb_use_builder":"on","_et_pb_old_content":"","_et_gb_content_width":"","footnotes":""},"class_list":["post-77","page","type-page","status-publish","hentry"],"_links":{"self":[{"href":"https:\/\/turismo.valadouro.gal\/gl\/wp-json\/wp\/v2\/pages\/77\/"}],"collection":[{"href":"https:\/\/turismo.valadouro.gal\/gl\/wp-json\/wp\/v2\/pages\/"}],"about":[{"href":"https:\/\/turismo.valadouro.gal\/gl\/wp-json\/wp\/v2\/types\/page\/"}],"author":[{"embeddable":true,"href":"https:\/\/turismo.valadouro.gal\/gl\/wp-json\/wp\/v2\/users\/3\/"}],"replies":[{"embeddable":true,"href":"https:\/\/turismo.valadouro.gal\/gl\/wp-json\/wp\/v2\/comments\/?post=77"}],"version-history":[{"count":42,"href":"https:\/\/turismo.valadouro.gal\/gl\/wp-json\/wp\/v2\/pages\/77\/revisions\/"}],"predecessor-version":[{"id":1468,"href":"https:\/\/turismo.valadouro.gal\/gl\/wp-json\/wp\/v2\/pages\/77\/revisions\/1468\/"}],"wp:attachment":[{"href":"https:\/\/turismo.valadouro.gal\/gl\/wp-json\/wp\/v2\/media\/?parent=77"}],"curies":[{"name":"wp","href":"https:\/\/api.w.org\/{rel}","templated":true}]}}